{"id":5230,"date":"2023-09-26T05:00:00","date_gmt":"2023-09-26T05:00:00","guid":{"rendered":"https:\/\/propulsionquebec.com\/?post_type=ressource&#038;p=5230"},"modified":"2023-09-25T20:43:24","modified_gmt":"2023-09-25T20:43:24","slug":"michelle-llambias-meunier-devient-la-nouvelle-presidente-directrice-generale-de-propulsion-quebec","status":"publish","type":"ressource","link":"https:\/\/propulsionquebec.com\/en\/nos-ressources\/michelle-llambias-meunier-devient-la-nouvelle-presidente-directrice-generale-de-propulsion-quebec\/","title":{"rendered":"Michelle LLamb\u00edas Meunier becomes new CEO of Propulsion Qu\u00e9bec"},"content":{"rendered":"<div class=\"component component-paragraph\" ><div class=\"container\">\n<p><strong>Montreal, September 26, 2023 <\/strong>\u2014 Marie H\u00e9l\u00e8ne Cloutier, Chair of Propulsion Qu\u00e9bec\u2019s Board of Directors, is proud to announce the appointment of Michelle LLamb\u00edas Meunier as the cluster\u2019s new CEO. This strategic appointment marks a new stage in the electric and smart transportation (EST) cluster\u2019s evolution as a catalyst for innovation and sustainable development in Quebec&#8217;s transportation sector.<\/p>\n<\/div><\/div>\n\n<div class=\"component component-quote\" ><div class=\"container\">\n<blockquote class=\"wp-block-quote is-layout-flow wp-block-quote-is-layout-flow\"><div class=\"component component-paragraph\" ><div class=\"container\">\n<p><em>\u201cI am honoured to be taking over as CEO of Propulsion Qu\u00e9bec. It is in our cluster\u2019s DNA to rally the electric and smart transportation ecosystem around a shared vision and initiatives<\/em>\u2014<em>a distinctive asset for Quebec.&nbsp;The EST strategic sector and its solutions are emerging and evolving at a rapidly. We must keep working to put the winning conditions in place to achieve our goals of decarbonizing transportation, optimizing our energy, and helping build Quebec&#8217;s economy. I am committed to representing the voice of our members with stakeholders and help grow the industry,\u201d<\/em> said Michelle LLamb\u00edas Meunier, Propulsion Qu\u00e9bec\u2019s new CEO.<\/p>\n<\/div><\/div><\/blockquote>\n<\/div><\/div>\n\n<div class=\"component component-paragraph\" ><div class=\"container\">\n<p>Michelle LLamb\u00edas Meunier has played a key role in the growth and sustainability of several organizations during her career. She can also bring to bear the expertise in electric and smart transportation she has gained during her months as Vice-President, Operations within the cluster. Before that, she served as Vice-President, Public Affairs and Government Relations at consulting firm SYRUS Reputation where she helped clients align their business strategies with those of stakeholders. Michelle also spent eight years at The Chamber of Commerce of Metropolitan Montreal, where she has held various positions, such as Vice-President of Public and Corporate Affairs. Her strategic vision and passion for economic development will be essential assets for Propulsion Qu\u00e9bec, which plays a key role in the transition to more sustainable transportation solutions.<\/p>\n<\/div><\/div>\n\n<div class=\"component component-quote\" ><div class=\"container\">\n<blockquote class=\"wp-block-quote is-layout-flow wp-block-quote-is-layout-flow\"><div class=\"component component-paragraph\" ><div class=\"container\">\n<p>&#8220;<em>Propulsion Qu\u00e9bec can trust and rely on the expertise of Michelle, who joined the cluster in February 2023.&nbsp; On behalf of the entire Board of Directors and the Propulsion Qu\u00e9bec team, I thank Sarah Houde for her dedication and the energy she has invested, since Day one in 2017, to make electric and smart transportation in Quebec what it is today,<\/em>&#8221; said Marie H\u00e9l\u00e8ne Cloutier, Executive Director &#8211; Customer Engagement, Partners and Mobility Innovation at Exo, and Chair of Propulsion Qu\u00e9bec\u2019s Board of Directors.<\/p>\n<\/div><\/div><\/blockquote>\n<\/div><\/div>\n\n<div class=\"component component-spacer\" ><div class=\"container\">\n<div style=\"height:100px\" aria-hidden=\"true\" class=\"wp-block-spacer\"><\/div>\n<\/div><\/div>\n\n<div class=\"component component-heading\" ><div class=\"container\">\n<h2 class=\"wp-block-heading is-style-h5\">About Propulsion Qu\u00e9bec<\/h2>\n<\/div><\/div>\n\n<div class=\"component component-paragraph\" ><div class=\"container\">\n<p>Quebec\u2019s smart and electric transportation cluster rallies the entire sector around joint projects aimed at positioning Quebec as a leader in developing and implementing land transportation systems that promote smart and electric transportation. Created in 2017, Propulsion Qu\u00e9bec has over 180 members from a variety of sectors and deploys its resources across seven distinct working groups to develop and support innovative projects. The cluster receives financial support from the Government of Qu\u00e9bec, the Government of Canada, Communaut\u00e9 m\u00e9tropolitaine de Montr\u00e9al (CMM), Quebec City, Desjardins, Fasken, Hydro-Qu\u00e9bec, Qu\u00e9becor, and CDPQ.<\/p>\n<\/div><\/div>\n\n\n\n","protected":false},"excerpt":{"rendered":"Marie H\u00e9l\u00e8ne Cloutier, Chair of Propulsion Qu\u00e9bec\u2019s Board of Directors, is proud to announce the appointment of Michelle LLamb\u00edas Meunier as the cluster\u2019s new CEO. ","protected":false},"featured_media":5246,"parent":0,"menu_order":0,"template":"","ressource-type":[33],"ressource-ambition":[],"class_list":["post-5230","ressource","type-ressource","status-publish","has-post-thumbnail","hentry","ressource-type-press-release"],"acf":[],"yoast_head":"<!-- This site is optimized with the Yoast SEO plugin v27.3 - https:\/\/yoast.com\/product\/yoast-seo-wordpress\/ -->\n<title>Michelle LLamb\u00edas Meunier becomes new CEO of Propulsion Qu\u00e9bec | Propulsion Qu\u00e9bec<\/title>\n<meta name=\"description\" content=\"Marie H\u00e9l\u00e8ne Cloutier, Chair of Propulsion Qu\u00e9bec\u2019s Board of Directors, is proud to announce the appointment of Michelle LLamb\u00edas Meunier as the cluster\u2019s new CEO.\" \/>\n<meta name=\"robots\" content=\"index, follow, max-snippet:-1, max-image-preview:large, max-video-preview:-1\" \/>\n<link rel=\"canonical\" href=\"https:\/\/propulsionquebec.com\/en\/nos-ressources\/michelle-llambias-meunier-devient-la-nouvelle-presidente-directrice-generale-de-propulsion-quebec\/\" \/>\n<meta property=\"og:locale\" content=\"en_US\" \/>\n<meta property=\"og:type\" content=\"article\" \/>\n<meta property=\"og:title\" content=\"Michelle LLamb\u00edas Meunier becomes new CEO of Propulsion Qu\u00e9bec | Propulsion Qu\u00e9bec\" \/>\n<meta property=\"og:description\" content=\"Marie H\u00e9l\u00e8ne Cloutier, Chair of Propulsion Qu\u00e9bec\u2019s Board of Directors, is proud to announce the appointment of Michelle LLamb\u00edas Meunier as the cluster\u2019s new CEO.\" \/>\n<meta property=\"og:url\" content=\"https:\/\/propulsionquebec.com\/en\/nos-ressources\/michelle-llambias-meunier-devient-la-nouvelle-presidente-directrice-generale-de-propulsion-quebec\/\" \/>\n<meta property=\"og:site_name\" content=\"Propulsion Qu\u00e9bec\" \/>\n<meta property=\"article:publisher\" content=\"https:\/\/www.facebook.com\/propulsionqc\" \/>\n<meta property=\"og:image\" content=\"https:\/\/propulsionquebec.com\/wp-content\/uploads\/2023\/09\/2023-09-26-Michelle-llambias-meunier-devient-la-nouvelle-presidente-directrice-generale-de-propulsion-EN-1-scaled.jpg\" \/>\n\t<meta property=\"og:image:width\" content=\"2560\" \/>\n\t<meta property=\"og:image:height\" content=\"1200\" \/>\n\t<meta property=\"og:image:type\" content=\"image\/jpeg\" \/>\n<meta name=\"twitter:card\" content=\"summary_large_image\" \/>\n<meta name=\"twitter:image\" content=\"https:\/\/propulsionquebec.com\/wp-content\/uploads\/2023\/09\/2023-09-26-Michelle-llambias-meunier-devient-la-nouvelle-presidente-directrice-generale-de-propulsion-EN-1-scaled.jpg\" \/>\n<meta name=\"twitter:label1\" content=\"Est. reading time\" \/>\n\t<meta name=\"twitter:data1\" content=\"2 minutes\" \/>\n<script type=\"application\/ld+json\" class=\"yoast-schema-graph\">{\"@context\":\"https:\\\/\\\/schema.org\",\"@graph\":[{\"@type\":\"WebPage\",\"@id\":\"https:\\\/\\\/propulsionquebec.com\\\/en\\\/nos-ressources\\\/michelle-llambias-meunier-devient-la-nouvelle-presidente-directrice-generale-de-propulsion-quebec\\\/\",\"url\":\"https:\\\/\\\/propulsionquebec.com\\\/en\\\/nos-ressources\\\/michelle-llambias-meunier-devient-la-nouvelle-presidente-directrice-generale-de-propulsion-quebec\\\/\",\"name\":\"Michelle LLamb\u00edas Meunier becomes new CEO of Propulsion Qu\u00e9bec | Propulsion Qu\u00e9bec\",\"isPartOf\":{\"@id\":\"https:\\\/\\\/www.propulsionquebec.com\\\/en\\\/#website\"},\"primaryImageOfPage\":{\"@id\":\"https:\\\/\\\/propulsionquebec.com\\\/en\\\/nos-ressources\\\/michelle-llambias-meunier-devient-la-nouvelle-presidente-directrice-generale-de-propulsion-quebec\\\/#primaryimage\"},\"image\":{\"@id\":\"https:\\\/\\\/propulsionquebec.com\\\/en\\\/nos-ressources\\\/michelle-llambias-meunier-devient-la-nouvelle-presidente-directrice-generale-de-propulsion-quebec\\\/#primaryimage\"},\"thumbnailUrl\":\"https:\\\/\\\/propulsionquebec.com\\\/wp-content\\\/uploads\\\/2023\\\/09\\\/2023-09-26-Michelle-llambias-meunier-devient-la-nouvelle-presidente-directrice-generale-de-propulsion-EN-1-scaled.jpg\",\"datePublished\":\"2023-09-26T05:00:00+00:00\",\"description\":\"Marie H\u00e9l\u00e8ne Cloutier, Chair of Propulsion Qu\u00e9bec\u2019s Board of Directors, is proud to announce the appointment of Michelle LLamb\u00edas Meunier as the cluster\u2019s new CEO.\",\"breadcrumb\":{\"@id\":\"https:\\\/\\\/propulsionquebec.com\\\/en\\\/nos-ressources\\\/michelle-llambias-meunier-devient-la-nouvelle-presidente-directrice-generale-de-propulsion-quebec\\\/#breadcrumb\"},\"inLanguage\":\"en-US\",\"potentialAction\":[{\"@type\":\"ReadAction\",\"target\":[\"https:\\\/\\\/propulsionquebec.com\\\/en\\\/nos-ressources\\\/michelle-llambias-meunier-devient-la-nouvelle-presidente-directrice-generale-de-propulsion-quebec\\\/\"]}]},{\"@type\":\"ImageObject\",\"inLanguage\":\"en-US\",\"@id\":\"https:\\\/\\\/propulsionquebec.com\\\/en\\\/nos-ressources\\\/michelle-llambias-meunier-devient-la-nouvelle-presidente-directrice-generale-de-propulsion-quebec\\\/#primaryimage\",\"url\":\"https:\\\/\\\/propulsionquebec.com\\\/wp-content\\\/uploads\\\/2023\\\/09\\\/2023-09-26-Michelle-llambias-meunier-devient-la-nouvelle-presidente-directrice-generale-de-propulsion-EN-1-scaled.jpg\",\"contentUrl\":\"https:\\\/\\\/propulsionquebec.com\\\/wp-content\\\/uploads\\\/2023\\\/09\\\/2023-09-26-Michelle-llambias-meunier-devient-la-nouvelle-presidente-directrice-generale-de-propulsion-EN-1-scaled.jpg\",\"width\":2560,\"height\":1200},{\"@type\":\"BreadcrumbList\",\"@id\":\"https:\\\/\\\/propulsionquebec.com\\\/en\\\/nos-ressources\\\/michelle-llambias-meunier-devient-la-nouvelle-presidente-directrice-generale-de-propulsion-quebec\\\/#breadcrumb\",\"itemListElement\":[{\"@type\":\"ListItem\",\"position\":1,\"name\":\"Accueil\",\"item\":\"https:\\\/\\\/propulsionquebec.com\\\/en\\\/\"},{\"@type\":\"ListItem\",\"position\":2,\"name\":\"Ressources\",\"item\":\"https:\\\/\\\/propulsionquebec.com\\\/en\\\/nos-ressources\\\/\"},{\"@type\":\"ListItem\",\"position\":3,\"name\":\"Michelle LLamb\u00edas Meunier becomes new CEO of Propulsion Qu\u00e9bec\"}]},{\"@type\":\"WebSite\",\"@id\":\"https:\\\/\\\/www.propulsionquebec.com\\\/en\\\/#website\",\"url\":\"https:\\\/\\\/www.propulsionquebec.com\\\/en\\\/\",\"name\":\"Propulsion Qu\u00e9bec\",\"description\":\"\",\"publisher\":{\"@id\":\"https:\\\/\\\/www.propulsionquebec.com\\\/en\\\/#organization\"},\"potentialAction\":[{\"@type\":\"SearchAction\",\"target\":{\"@type\":\"EntryPoint\",\"urlTemplate\":\"https:\\\/\\\/www.propulsionquebec.com\\\/en\\\/?s={search_term_string}\"},\"query-input\":{\"@type\":\"PropertyValueSpecification\",\"valueRequired\":true,\"valueName\":\"search_term_string\"}}],\"inLanguage\":\"en-US\"},{\"@type\":\"Organization\",\"@id\":\"https:\\\/\\\/www.propulsionquebec.com\\\/en\\\/#organization\",\"name\":\"Propulsion Qu\u00e9bec\",\"url\":\"https:\\\/\\\/www.propulsionquebec.com\\\/en\\\/\",\"logo\":{\"@type\":\"ImageObject\",\"inLanguage\":\"en-US\",\"@id\":\"https:\\\/\\\/www.propulsionquebec.com\\\/en\\\/#\\\/schema\\\/logo\\\/image\\\/\",\"url\":\"https:\\\/\\\/propulsionquebec.com\\\/wp-content\\\/uploads\\\/2023\\\/06\\\/propulsion-quebec-logo.png\",\"contentUrl\":\"https:\\\/\\\/propulsionquebec.com\\\/wp-content\\\/uploads\\\/2023\\\/06\\\/propulsion-quebec-logo.png\",\"width\":467,\"height\":130,\"caption\":\"Propulsion Qu\u00e9bec\"},\"image\":{\"@id\":\"https:\\\/\\\/www.propulsionquebec.com\\\/en\\\/#\\\/schema\\\/logo\\\/image\\\/\"},\"sameAs\":[\"https:\\\/\\\/www.facebook.com\\\/propulsionqc\"]}]}<\/script>\n<!-- \/ Yoast SEO plugin. -->","yoast_head_json":{"title":"Michelle LLamb\u00edas Meunier becomes new CEO of Propulsion Qu\u00e9bec | Propulsion Qu\u00e9bec","description":"Marie H\u00e9l\u00e8ne Cloutier, Chair of Propulsion Qu\u00e9bec\u2019s Board of Directors, is proud to announce the appointment of Michelle LLamb\u00edas Meunier as the cluster\u2019s new CEO.","robots":{"index":"index","follow":"follow","max-snippet":"max-snippet:-1","max-image-preview":"max-image-preview:large","max-video-preview":"max-video-preview:-1"},"canonical":"https:\/\/propulsionquebec.com\/en\/nos-ressources\/michelle-llambias-meunier-devient-la-nouvelle-presidente-directrice-generale-de-propulsion-quebec\/","og_locale":"en_US","og_type":"article","og_title":"Michelle LLamb\u00edas Meunier becomes new CEO of Propulsion Qu\u00e9bec | Propulsion Qu\u00e9bec","og_description":"Marie H\u00e9l\u00e8ne Cloutier, Chair of Propulsion Qu\u00e9bec\u2019s Board of Directors, is proud to announce the appointment of Michelle LLamb\u00edas Meunier as the cluster\u2019s new CEO.","og_url":"https:\/\/propulsionquebec.com\/en\/nos-ressources\/michelle-llambias-meunier-devient-la-nouvelle-presidente-directrice-generale-de-propulsion-quebec\/","og_site_name":"Propulsion Qu\u00e9bec","article_publisher":"https:\/\/www.facebook.com\/propulsionqc","og_image":[{"width":2560,"height":1200,"url":"https:\/\/propulsionquebec.com\/wp-content\/uploads\/2023\/09\/2023-09-26-Michelle-llambias-meunier-devient-la-nouvelle-presidente-directrice-generale-de-propulsion-EN-1-scaled.jpg","type":"image\/jpeg"}],"twitter_card":"summary_large_image","twitter_image":"https:\/\/propulsionquebec.com\/wp-content\/uploads\/2023\/09\/2023-09-26-Michelle-llambias-meunier-devient-la-nouvelle-presidente-directrice-generale-de-propulsion-EN-1-scaled.jpg","twitter_misc":{"Est. reading time":"2 minutes"},"schema":{"@context":"https:\/\/schema.org","@graph":[{"@type":"WebPage","@id":"https:\/\/propulsionquebec.com\/en\/nos-ressources\/michelle-llambias-meunier-devient-la-nouvelle-presidente-directrice-generale-de-propulsion-quebec\/","url":"https:\/\/propulsionquebec.com\/en\/nos-ressources\/michelle-llambias-meunier-devient-la-nouvelle-presidente-directrice-generale-de-propulsion-quebec\/","name":"Michelle LLamb\u00edas Meunier becomes new CEO of Propulsion Qu\u00e9bec | Propulsion Qu\u00e9bec","isPartOf":{"@id":"https:\/\/www.propulsionquebec.com\/en\/#website"},"primaryImageOfPage":{"@id":"https:\/\/propulsionquebec.com\/en\/nos-ressources\/michelle-llambias-meunier-devient-la-nouvelle-presidente-directrice-generale-de-propulsion-quebec\/#primaryimage"},"image":{"@id":"https:\/\/propulsionquebec.com\/en\/nos-ressources\/michelle-llambias-meunier-devient-la-nouvelle-presidente-directrice-generale-de-propulsion-quebec\/#primaryimage"},"thumbnailUrl":"https:\/\/propulsionquebec.com\/wp-content\/uploads\/2023\/09\/2023-09-26-Michelle-llambias-meunier-devient-la-nouvelle-presidente-directrice-generale-de-propulsion-EN-1-scaled.jpg","datePublished":"2023-09-26T05:00:00+00:00","description":"Marie H\u00e9l\u00e8ne Cloutier, Chair of Propulsion Qu\u00e9bec\u2019s Board of Directors, is proud to announce the appointment of Michelle LLamb\u00edas Meunier as the cluster\u2019s new CEO.","breadcrumb":{"@id":"https:\/\/propulsionquebec.com\/en\/nos-ressources\/michelle-llambias-meunier-devient-la-nouvelle-presidente-directrice-generale-de-propulsion-quebec\/#breadcrumb"},"inLanguage":"en-US","potentialAction":[{"@type":"ReadAction","target":["https:\/\/propulsionquebec.com\/en\/nos-ressources\/michelle-llambias-meunier-devient-la-nouvelle-presidente-directrice-generale-de-propulsion-quebec\/"]}]},{"@type":"ImageObject","inLanguage":"en-US","@id":"https:\/\/propulsionquebec.com\/en\/nos-ressources\/michelle-llambias-meunier-devient-la-nouvelle-presidente-directrice-generale-de-propulsion-quebec\/#primaryimage","url":"https:\/\/propulsionquebec.com\/wp-content\/uploads\/2023\/09\/2023-09-26-Michelle-llambias-meunier-devient-la-nouvelle-presidente-directrice-generale-de-propulsion-EN-1-scaled.jpg","contentUrl":"https:\/\/propulsionquebec.com\/wp-content\/uploads\/2023\/09\/2023-09-26-Michelle-llambias-meunier-devient-la-nouvelle-presidente-directrice-generale-de-propulsion-EN-1-scaled.jpg","width":2560,"height":1200},{"@type":"BreadcrumbList","@id":"https:\/\/propulsionquebec.com\/en\/nos-ressources\/michelle-llambias-meunier-devient-la-nouvelle-presidente-directrice-generale-de-propulsion-quebec\/#breadcrumb","itemListElement":[{"@type":"ListItem","position":1,"name":"Accueil","item":"https:\/\/propulsionquebec.com\/en\/"},{"@type":"ListItem","position":2,"name":"Ressources","item":"https:\/\/propulsionquebec.com\/en\/nos-ressources\/"},{"@type":"ListItem","position":3,"name":"Michelle LLamb\u00edas Meunier becomes new CEO of Propulsion Qu\u00e9bec"}]},{"@type":"WebSite","@id":"https:\/\/www.propulsionquebec.com\/en\/#website","url":"https:\/\/www.propulsionquebec.com\/en\/","name":"Propulsion Qu\u00e9bec","description":"","publisher":{"@id":"https:\/\/www.propulsionquebec.com\/en\/#organization"},"potentialAction":[{"@type":"SearchAction","target":{"@type":"EntryPoint","urlTemplate":"https:\/\/www.propulsionquebec.com\/en\/?s={search_term_string}"},"query-input":{"@type":"PropertyValueSpecification","valueRequired":true,"valueName":"search_term_string"}}],"inLanguage":"en-US"},{"@type":"Organization","@id":"https:\/\/www.propulsionquebec.com\/en\/#organization","name":"Propulsion Qu\u00e9bec","url":"https:\/\/www.propulsionquebec.com\/en\/","logo":{"@type":"ImageObject","inLanguage":"en-US","@id":"https:\/\/www.propulsionquebec.com\/en\/#\/schema\/logo\/image\/","url":"https:\/\/propulsionquebec.com\/wp-content\/uploads\/2023\/06\/propulsion-quebec-logo.png","contentUrl":"https:\/\/propulsionquebec.com\/wp-content\/uploads\/2023\/06\/propulsion-quebec-logo.png","width":467,"height":130,"caption":"Propulsion Qu\u00e9bec"},"image":{"@id":"https:\/\/www.propulsionquebec.com\/en\/#\/schema\/logo\/image\/"},"sameAs":["https:\/\/www.facebook.com\/propulsionqc"]}]}},"_links":{"self":[{"href":"https:\/\/propulsionquebec.com\/en\/wp-json\/wp\/v2\/ressource\/5230","targetHints":{"allow":["GET"]}}],"collection":[{"href":"https:\/\/propulsionquebec.com\/en\/wp-json\/wp\/v2\/ressource"}],"about":[{"href":"https:\/\/propulsionquebec.com\/en\/wp-json\/wp\/v2\/types\/ressource"}],"wp:featuredmedia":[{"embeddable":true,"href":"https:\/\/propulsionquebec.com\/en\/wp-json\/wp\/v2\/media\/5246"}],"wp:attachment":[{"href":"https:\/\/propulsionquebec.com\/en\/wp-json\/wp\/v2\/media?parent=5230"}],"wp:term":[{"taxonomy":"ressource-type","embeddable":true,"href":"https:\/\/propulsionquebec.com\/en\/wp-json\/wp\/v2\/ressource-type?post=5230"},{"taxonomy":"ressource-ambition","embeddable":true,"href":"https:\/\/propulsionquebec.com\/en\/wp-json\/wp\/v2\/ressource-ambition?post=5230"}],"curies":[{"name":"wp","href":"https:\/\/api.w.org\/{rel}","templated":true}]}}