{"id":4665,"date":"2019-05-06T23:59:00","date_gmt":"2019-05-06T23:59:00","guid":{"rendered":"https:\/\/propulsionquebec.com\/nos-ressources\/positionner-le-quebec-et-sa-metropole-comme-leaders-des-transports-electriques-et-intelligents\/"},"modified":"2023-09-11T19:01:33","modified_gmt":"2023-09-11T19:01:33","slug":"positionner-le-quebec-et-sa-metropole-comme-leaders-des-transports-electriques-et-intelligents","status":"publish","type":"ressource","link":"https:\/\/propulsionquebec.com\/en\/nos-ressources\/positionner-le-quebec-et-sa-metropole-comme-leaders-des-transports-electriques-et-intelligents\/","title":{"rendered":"Positioning Quebec and Montr\u00e9al as leaders in electric and smart transportation"},"content":{"rendered":"<div class=\"component component-paragraph\" ><div class=\"container\">\n<p><strong>Montreal, May 6, 2019 \u2013 <\/strong>The Chamber of Commerce of Metropolitan Montreal and Propulsion Qu\u00e9bec, the cluster for electric and smart transportation, today released their study entitled<em> Positioning Quebec and Montr\u00e9al as leaders in electric and smart transportation<\/em>. The study is meant to fuel much-needed reflection that will enable Quebec and Montr\u00e9al to stand out in this economic sector of the future.<\/p>\n<\/div><\/div>\n\n<div class=\"component component-quote\" ><div class=\"container\">\n<blockquote class=\"wp-block-quote is-layout-flow wp-block-quote-is-layout-flow\"><div class=\"component component-paragraph\" ><div class=\"container\">\n<p>\u201cThe electric and smart transportation niche has incredible economic and technological potential, and the city has a unique opportunity to take its place in that niche,\u201d said Michel Leblanc, president and CEO of the Chamber of Commerce of Metropolitan Montreal. \u201cWe have everything we need to make our presence felt: a critical core of technology talent and businesses, a concentration of global leaders in artificial intelligence, and, of course, world-renowned creativity. The Chamber is proud to release this study, which is a starting point for this essential reflection process. We encourage industry decision makers and actors to read it. We all need to adopt the avenues for action it identifies to enable local businesses to develop the mobility innovations and solutions of tomorrow.\u201d<\/p>\n<\/div><\/div><\/blockquote>\n<\/div><\/div>\n\n<div class=\"component component-quote\" ><div class=\"container\">\n<blockquote class=\"wp-block-quote is-layout-flow wp-block-quote-is-layout-flow\"><div class=\"component component-paragraph\" ><div class=\"container\">\n<p>\u201cThe future of mobility is connected, autonomous, shared, electric vehicles,\u201d said Sarah Houde, CEO of Propulsion Qu\u00e9bec. \u201cThis study shows that Quebec has assets to distinguish itself in these niches. We need to leverage Quebec\u2019s recognized expertise in electrification and the pool of innovative businesses in land transportation. But our success in this changing sector requires an agile regulatory framework, adapted to both the current technological context and our ambitions. The study provides an analytical tool for the best ways to support the deployment and commercialization of transportation innovations. Propulsion Qu\u00e9bec is determined to bring together industry stakeholders to make Quebec the ultimate place to develop, test and implement new mobility technology.\u201d<\/p>\n<\/div><\/div><\/blockquote>\n<\/div><\/div>\n\n<div class=\"component component-quote\" ><div class=\"container\">\n<blockquote class=\"wp-block-quote is-layout-flow wp-block-quote-is-layout-flow\"><div class=\"component component-paragraph\" ><div class=\"container\">\n<p>\u201cThe rapid rate of change in the field of transportation here and around the world requires a paradigm shift at every level to make room for innovation and ingenuity,\u201d said Marc Blanchet, vice-president, Southwest Quebec, at SNC-Lavalin. \u201cWe support this study that speaks to all actors and offers areas of focus to accelerate innovation and provide momentum to Quebec\u2019s electric and smart mobility industry.\u201d<\/p>\n<\/div><\/div><\/blockquote>\n<\/div><\/div>\n\n<div class=\"component component-paragraph\" ><div class=\"container\">\n<p>The study <em>Positioning Quebec and Montr\u00e9al as leaders in electric and smart transportation<\/em> has four main chapters:<\/p>\n<\/div><\/div>\n\n<div class=\"component component-list\" ><div class=\"container\">\n<ul class=\"wp-block-list\"><div class=\"component component-list-item\" ><div class=\"container\">\n<li>A diagnosis of the regulatory framework of Quebec.<\/li>\n<\/div><\/div>\n\n<div class=\"component component-list-item\" ><div class=\"container\">\n<li>A benchmark of international best practices based on an analysis of the regulatory framework and public policy from ten territories.<\/li>\n<\/div><\/div>\n\n<div class=\"component component-list-item\" ><div class=\"container\">\n<li>A summary of success factors drawn from international benchmarking to identify areas of excellence and avenues for improvement for Quebec.<\/li>\n<\/div><\/div>\n\n<div class=\"component component-list-item\" ><div class=\"container\">\n<li>Avenues for recommendation for Quebec and Greater Montr\u00e9al, structured around three strategic areas:<div class=\"component component-list\" ><div class=\"container\">\n<ul class=\"wp-block-list\"><div class=\"component component-list-item\" ><div class=\"container\">\n<li>Strategic focus 1: Increase the offer of electric and smart mobility products and services developed in Quebec<\/li>\n<\/div><\/div>\n\n<div class=\"component component-list-item\" ><div class=\"container\">\n<li>Strategic focus 2: Increase demand for electric and smart transportation<\/li>\n<\/div><\/div>\n\n<div class=\"component component-list-item\" ><div class=\"container\">\n<li>Strategic focus 3: Ensure the growth of the transportation industry by optimizing and coordinating government strategies<\/li>\n<\/div><\/div><\/ul>\n<\/div><\/div><\/li>\n<\/div><\/div><\/ul>\n<\/div><\/div>\n\n<div class=\"component component-buttons\" ><div class=\"container\">\n<div id=\"\" class=\"btn-group\">\n    <div class=\"acf-innerblocks-container\">\n<div class=\"component component-button\" ><div class=\"container\">    <a id=\"\" class=\"btn is-style-primary\" href=\"https:\/\/www.ccmm.ca\/~\/media\/Files\/News\/Memoires\/2019\/Etude_transport_elec_intell.pdf?la=fr\" target=\"\">Consult the full study (in French)<\/a>\n<\/div><\/div>\n\n<div class=\"component component-button\" ><div class=\"container\">    <a id=\"\" class=\"btn is-style-primary\" href=\"https:\/\/www.ccmm.ca\/~\/media\/Files\/News\/Memoires\/2019\/plaquette_transports_electriques_EN.pdf?la=en\" target=\"\">Consult study Highlights<\/a>\n<\/div><\/div>\n<\/div>\n<\/div><\/div><\/div>\n\n<div class=\"component component-paragraph\" ><div class=\"container\">\n<p>Positioning Quebec and Montr\u00e9al as leaders in electric and smart transportation <em>is a study by the Chamber of Commerce of Metropolitan Montreal and Propulsion Qu\u00e9bec, the cluster for electric and smart transportation, conducted with the support of the Government of Quebec, in partnership with Hydro-Qu\u00e9bec and SNC-Lavalin and in cooperation with Bombardier Transportation and Keolis Canada.<\/em><\/p>\n<\/div><\/div>","protected":false},"excerpt":{"rendered":"The Chamber of Commerce of Metropolitan Montreal and Propulsion Qu\u00e9bec, the cluster for electric and smart transportation, today released their study entitled Positioning Quebec and Montr\u00e9al as leaders in electric and smart transportation. ","protected":false},"featured_media":3714,"parent":0,"menu_order":0,"template":"","ressource-type":[33],"ressource-ambition":[41],"class_list":["post-4665","ressource","type-ressource","status-publish","has-post-thumbnail","hentry","ressource-type-press-release","ressource-ambition-ev-transition"],"acf":[],"yoast_head":"<!-- This site is optimized with the Yoast SEO plugin v27.3 - https:\/\/yoast.com\/product\/yoast-seo-wordpress\/ -->\n<title>Positioning Quebec and Montr\u00e9al as leaders in electric and smart transportation | Propulsion Qu\u00e9bec<\/title>\n<meta name=\"description\" content=\"The Chamber of Commerce of Metropolitan Montreal and Propulsion Qu\u00e9bec, the cluster for electric and smart transportation, today released their study entitled Positioning Quebec and Montr\u00e9al as leaders in electric and smart transportation.\" \/>\n<meta name=\"robots\" content=\"index, follow, max-snippet:-1, max-image-preview:large, max-video-preview:-1\" \/>\n<link rel=\"canonical\" href=\"https:\/\/propulsionquebec.com\/en\/nos-ressources\/positionner-le-quebec-et-sa-metropole-comme-leaders-des-transports-electriques-et-intelligents\/\" \/>\n<meta property=\"og:locale\" content=\"en_US\" \/>\n<meta property=\"og:type\" content=\"article\" \/>\n<meta property=\"og:title\" content=\"Positioning Quebec and Montr\u00e9al as leaders in electric and smart transportation | Propulsion Qu\u00e9bec\" \/>\n<meta property=\"og:description\" content=\"The Chamber of Commerce of Metropolitan Montreal and Propulsion Qu\u00e9bec, the cluster for electric and smart transportation, today released their study entitled Positioning Quebec and Montr\u00e9al as leaders in electric and smart transportation.\" \/>\n<meta property=\"og:url\" content=\"https:\/\/propulsionquebec.com\/en\/nos-ressources\/positionner-le-quebec-et-sa-metropole-comme-leaders-des-transports-electriques-et-intelligents\/\" \/>\n<meta property=\"og:site_name\" content=\"Propulsion Qu\u00e9bec\" \/>\n<meta property=\"article:publisher\" content=\"https:\/\/www.facebook.com\/propulsionqc\" \/>\n<meta property=\"article:modified_time\" content=\"2023-09-11T19:01:33+00:00\" \/>\n<meta property=\"og:image\" content=\"https:\/\/www.propulsionquebec.com\/wp-content\/uploads\/2023\/09\/2019-05-06-Positionner-le-Quebec-et-sa-metropole-comme-leaders-des-transports-electriques-et-intelligents-scaled.jpg\" \/>\n\t<meta property=\"og:image:width\" content=\"2560\" \/>\n\t<meta property=\"og:image:height\" content=\"1200\" \/>\n\t<meta property=\"og:image:type\" content=\"image\/jpeg\" \/>\n<meta name=\"twitter:card\" content=\"summary_large_image\" \/>\n<meta name=\"twitter:image\" content=\"https:\/\/propulsionquebec.com\/wp-content\/uploads\/2023\/09\/2019-05-06-Positionner-le-Quebec-et-sa-metropole-comme-leaders-des-transports-electriques-et-intelligents-scaled.jpg\" \/>\n<meta name=\"twitter:label1\" content=\"Est. reading time\" \/>\n\t<meta name=\"twitter:data1\" content=\"3 minutes\" \/>\n<script type=\"application\/ld+json\" class=\"yoast-schema-graph\">{\"@context\":\"https:\\\/\\\/schema.org\",\"@graph\":[{\"@type\":\"WebPage\",\"@id\":\"https:\\\/\\\/propulsionquebec.com\\\/en\\\/nos-ressources\\\/positionner-le-quebec-et-sa-metropole-comme-leaders-des-transports-electriques-et-intelligents\\\/\",\"url\":\"https:\\\/\\\/propulsionquebec.com\\\/en\\\/nos-ressources\\\/positionner-le-quebec-et-sa-metropole-comme-leaders-des-transports-electriques-et-intelligents\\\/\",\"name\":\"Positioning Quebec and Montr\u00e9al as leaders in electric and smart transportation | Propulsion Qu\u00e9bec\",\"isPartOf\":{\"@id\":\"https:\\\/\\\/www.propulsionquebec.com\\\/en\\\/#website\"},\"primaryImageOfPage\":{\"@id\":\"https:\\\/\\\/propulsionquebec.com\\\/en\\\/nos-ressources\\\/positionner-le-quebec-et-sa-metropole-comme-leaders-des-transports-electriques-et-intelligents\\\/#primaryimage\"},\"image\":{\"@id\":\"https:\\\/\\\/propulsionquebec.com\\\/en\\\/nos-ressources\\\/positionner-le-quebec-et-sa-metropole-comme-leaders-des-transports-electriques-et-intelligents\\\/#primaryimage\"},\"thumbnailUrl\":\"https:\\\/\\\/propulsionquebec.com\\\/wp-content\\\/uploads\\\/2023\\\/09\\\/2019-05-06-Positionner-le-Quebec-et-sa-metropole-comme-leaders-des-transports-electriques-et-intelligents-scaled.jpg\",\"datePublished\":\"2019-05-06T23:59:00+00:00\",\"dateModified\":\"2023-09-11T19:01:33+00:00\",\"description\":\"The Chamber of Commerce of Metropolitan Montreal and Propulsion Qu\u00e9bec, the cluster for electric and smart transportation, today released their study entitled Positioning Quebec and Montr\u00e9al as leaders in electric and smart transportation.\",\"breadcrumb\":{\"@id\":\"https:\\\/\\\/propulsionquebec.com\\\/en\\\/nos-ressources\\\/positionner-le-quebec-et-sa-metropole-comme-leaders-des-transports-electriques-et-intelligents\\\/#breadcrumb\"},\"inLanguage\":\"en-US\",\"potentialAction\":[{\"@type\":\"ReadAction\",\"target\":[\"https:\\\/\\\/propulsionquebec.com\\\/en\\\/nos-ressources\\\/positionner-le-quebec-et-sa-metropole-comme-leaders-des-transports-electriques-et-intelligents\\\/\"]}]},{\"@type\":\"ImageObject\",\"inLanguage\":\"en-US\",\"@id\":\"https:\\\/\\\/propulsionquebec.com\\\/en\\\/nos-ressources\\\/positionner-le-quebec-et-sa-metropole-comme-leaders-des-transports-electriques-et-intelligents\\\/#primaryimage\",\"url\":\"https:\\\/\\\/propulsionquebec.com\\\/wp-content\\\/uploads\\\/2023\\\/09\\\/2019-05-06-Positionner-le-Quebec-et-sa-metropole-comme-leaders-des-transports-electriques-et-intelligents-scaled.jpg\",\"contentUrl\":\"https:\\\/\\\/propulsionquebec.com\\\/wp-content\\\/uploads\\\/2023\\\/09\\\/2019-05-06-Positionner-le-Quebec-et-sa-metropole-comme-leaders-des-transports-electriques-et-intelligents-scaled.jpg\",\"width\":2560,\"height\":1200},{\"@type\":\"BreadcrumbList\",\"@id\":\"https:\\\/\\\/propulsionquebec.com\\\/en\\\/nos-ressources\\\/positionner-le-quebec-et-sa-metropole-comme-leaders-des-transports-electriques-et-intelligents\\\/#breadcrumb\",\"itemListElement\":[{\"@type\":\"ListItem\",\"position\":1,\"name\":\"Accueil\",\"item\":\"https:\\\/\\\/propulsionquebec.com\\\/en\\\/\"},{\"@type\":\"ListItem\",\"position\":2,\"name\":\"Ressources\",\"item\":\"https:\\\/\\\/propulsionquebec.com\\\/en\\\/nos-ressources\\\/\"},{\"@type\":\"ListItem\",\"position\":3,\"name\":\"Positioning Quebec and Montr\u00e9al as leaders in electric and smart transportation\"}]},{\"@type\":\"WebSite\",\"@id\":\"https:\\\/\\\/www.propulsionquebec.com\\\/en\\\/#website\",\"url\":\"https:\\\/\\\/www.propulsionquebec.com\\\/en\\\/\",\"name\":\"Propulsion Qu\u00e9bec\",\"description\":\"\",\"publisher\":{\"@id\":\"https:\\\/\\\/www.propulsionquebec.com\\\/en\\\/#organization\"},\"potentialAction\":[{\"@type\":\"SearchAction\",\"target\":{\"@type\":\"EntryPoint\",\"urlTemplate\":\"https:\\\/\\\/www.propulsionquebec.com\\\/en\\\/?s={search_term_string}\"},\"query-input\":{\"@type\":\"PropertyValueSpecification\",\"valueRequired\":true,\"valueName\":\"search_term_string\"}}],\"inLanguage\":\"en-US\"},{\"@type\":\"Organization\",\"@id\":\"https:\\\/\\\/www.propulsionquebec.com\\\/en\\\/#organization\",\"name\":\"Propulsion Qu\u00e9bec\",\"url\":\"https:\\\/\\\/www.propulsionquebec.com\\\/en\\\/\",\"logo\":{\"@type\":\"ImageObject\",\"inLanguage\":\"en-US\",\"@id\":\"https:\\\/\\\/www.propulsionquebec.com\\\/en\\\/#\\\/schema\\\/logo\\\/image\\\/\",\"url\":\"https:\\\/\\\/propulsionquebec.com\\\/wp-content\\\/uploads\\\/2023\\\/06\\\/propulsion-quebec-logo.png\",\"contentUrl\":\"https:\\\/\\\/propulsionquebec.com\\\/wp-content\\\/uploads\\\/2023\\\/06\\\/propulsion-quebec-logo.png\",\"width\":467,\"height\":130,\"caption\":\"Propulsion Qu\u00e9bec\"},\"image\":{\"@id\":\"https:\\\/\\\/www.propulsionquebec.com\\\/en\\\/#\\\/schema\\\/logo\\\/image\\\/\"},\"sameAs\":[\"https:\\\/\\\/www.facebook.com\\\/propulsionqc\"]}]}<\/script>\n<!-- \/ Yoast SEO plugin. -->","yoast_head_json":{"title":"Positioning Quebec and Montr\u00e9al as leaders in electric and smart transportation | Propulsion Qu\u00e9bec","description":"The Chamber of Commerce of Metropolitan Montreal and Propulsion Qu\u00e9bec, the cluster for electric and smart transportation, today released their study entitled Positioning Quebec and Montr\u00e9al as leaders in electric and smart transportation.","robots":{"index":"index","follow":"follow","max-snippet":"max-snippet:-1","max-image-preview":"max-image-preview:large","max-video-preview":"max-video-preview:-1"},"canonical":"https:\/\/propulsionquebec.com\/en\/nos-ressources\/positionner-le-quebec-et-sa-metropole-comme-leaders-des-transports-electriques-et-intelligents\/","og_locale":"en_US","og_type":"article","og_title":"Positioning Quebec and Montr\u00e9al as leaders in electric and smart transportation | Propulsion Qu\u00e9bec","og_description":"The Chamber of Commerce of Metropolitan Montreal and Propulsion Qu\u00e9bec, the cluster for electric and smart transportation, today released their study entitled Positioning Quebec and Montr\u00e9al as leaders in electric and smart transportation.","og_url":"https:\/\/propulsionquebec.com\/en\/nos-ressources\/positionner-le-quebec-et-sa-metropole-comme-leaders-des-transports-electriques-et-intelligents\/","og_site_name":"Propulsion Qu\u00e9bec","article_publisher":"https:\/\/www.facebook.com\/propulsionqc","article_modified_time":"2023-09-11T19:01:33+00:00","og_image":[{"width":2560,"height":1200,"url":"https:\/\/www.propulsionquebec.com\/wp-content\/uploads\/2023\/09\/2019-05-06-Positionner-le-Quebec-et-sa-metropole-comme-leaders-des-transports-electriques-et-intelligents-scaled.jpg","type":"image\/jpeg"}],"twitter_card":"summary_large_image","twitter_image":"https:\/\/propulsionquebec.com\/wp-content\/uploads\/2023\/09\/2019-05-06-Positionner-le-Quebec-et-sa-metropole-comme-leaders-des-transports-electriques-et-intelligents-scaled.jpg","twitter_misc":{"Est. reading time":"3 minutes"},"schema":{"@context":"https:\/\/schema.org","@graph":[{"@type":"WebPage","@id":"https:\/\/propulsionquebec.com\/en\/nos-ressources\/positionner-le-quebec-et-sa-metropole-comme-leaders-des-transports-electriques-et-intelligents\/","url":"https:\/\/propulsionquebec.com\/en\/nos-ressources\/positionner-le-quebec-et-sa-metropole-comme-leaders-des-transports-electriques-et-intelligents\/","name":"Positioning Quebec and Montr\u00e9al as leaders in electric and smart transportation | Propulsion Qu\u00e9bec","isPartOf":{"@id":"https:\/\/www.propulsionquebec.com\/en\/#website"},"primaryImageOfPage":{"@id":"https:\/\/propulsionquebec.com\/en\/nos-ressources\/positionner-le-quebec-et-sa-metropole-comme-leaders-des-transports-electriques-et-intelligents\/#primaryimage"},"image":{"@id":"https:\/\/propulsionquebec.com\/en\/nos-ressources\/positionner-le-quebec-et-sa-metropole-comme-leaders-des-transports-electriques-et-intelligents\/#primaryimage"},"thumbnailUrl":"https:\/\/propulsionquebec.com\/wp-content\/uploads\/2023\/09\/2019-05-06-Positionner-le-Quebec-et-sa-metropole-comme-leaders-des-transports-electriques-et-intelligents-scaled.jpg","datePublished":"2019-05-06T23:59:00+00:00","dateModified":"2023-09-11T19:01:33+00:00","description":"The Chamber of Commerce of Metropolitan Montreal and Propulsion Qu\u00e9bec, the cluster for electric and smart transportation, today released their study entitled Positioning Quebec and Montr\u00e9al as leaders in electric and smart transportation.","breadcrumb":{"@id":"https:\/\/propulsionquebec.com\/en\/nos-ressources\/positionner-le-quebec-et-sa-metropole-comme-leaders-des-transports-electriques-et-intelligents\/#breadcrumb"},"inLanguage":"en-US","potentialAction":[{"@type":"ReadAction","target":["https:\/\/propulsionquebec.com\/en\/nos-ressources\/positionner-le-quebec-et-sa-metropole-comme-leaders-des-transports-electriques-et-intelligents\/"]}]},{"@type":"ImageObject","inLanguage":"en-US","@id":"https:\/\/propulsionquebec.com\/en\/nos-ressources\/positionner-le-quebec-et-sa-metropole-comme-leaders-des-transports-electriques-et-intelligents\/#primaryimage","url":"https:\/\/propulsionquebec.com\/wp-content\/uploads\/2023\/09\/2019-05-06-Positionner-le-Quebec-et-sa-metropole-comme-leaders-des-transports-electriques-et-intelligents-scaled.jpg","contentUrl":"https:\/\/propulsionquebec.com\/wp-content\/uploads\/2023\/09\/2019-05-06-Positionner-le-Quebec-et-sa-metropole-comme-leaders-des-transports-electriques-et-intelligents-scaled.jpg","width":2560,"height":1200},{"@type":"BreadcrumbList","@id":"https:\/\/propulsionquebec.com\/en\/nos-ressources\/positionner-le-quebec-et-sa-metropole-comme-leaders-des-transports-electriques-et-intelligents\/#breadcrumb","itemListElement":[{"@type":"ListItem","position":1,"name":"Accueil","item":"https:\/\/propulsionquebec.com\/en\/"},{"@type":"ListItem","position":2,"name":"Ressources","item":"https:\/\/propulsionquebec.com\/en\/nos-ressources\/"},{"@type":"ListItem","position":3,"name":"Positioning Quebec and Montr\u00e9al as leaders in electric and smart transportation"}]},{"@type":"WebSite","@id":"https:\/\/www.propulsionquebec.com\/en\/#website","url":"https:\/\/www.propulsionquebec.com\/en\/","name":"Propulsion Qu\u00e9bec","description":"","publisher":{"@id":"https:\/\/www.propulsionquebec.com\/en\/#organization"},"potentialAction":[{"@type":"SearchAction","target":{"@type":"EntryPoint","urlTemplate":"https:\/\/www.propulsionquebec.com\/en\/?s={search_term_string}"},"query-input":{"@type":"PropertyValueSpecification","valueRequired":true,"valueName":"search_term_string"}}],"inLanguage":"en-US"},{"@type":"Organization","@id":"https:\/\/www.propulsionquebec.com\/en\/#organization","name":"Propulsion Qu\u00e9bec","url":"https:\/\/www.propulsionquebec.com\/en\/","logo":{"@type":"ImageObject","inLanguage":"en-US","@id":"https:\/\/www.propulsionquebec.com\/en\/#\/schema\/logo\/image\/","url":"https:\/\/propulsionquebec.com\/wp-content\/uploads\/2023\/06\/propulsion-quebec-logo.png","contentUrl":"https:\/\/propulsionquebec.com\/wp-content\/uploads\/2023\/06\/propulsion-quebec-logo.png","width":467,"height":130,"caption":"Propulsion Qu\u00e9bec"},"image":{"@id":"https:\/\/www.propulsionquebec.com\/en\/#\/schema\/logo\/image\/"},"sameAs":["https:\/\/www.facebook.com\/propulsionqc"]}]}},"_links":{"self":[{"href":"https:\/\/propulsionquebec.com\/en\/wp-json\/wp\/v2\/ressource\/4665","targetHints":{"allow":["GET"]}}],"collection":[{"href":"https:\/\/propulsionquebec.com\/en\/wp-json\/wp\/v2\/ressource"}],"about":[{"href":"https:\/\/propulsionquebec.com\/en\/wp-json\/wp\/v2\/types\/ressource"}],"wp:featuredmedia":[{"embeddable":true,"href":"https:\/\/propulsionquebec.com\/en\/wp-json\/wp\/v2\/media\/3714"}],"wp:attachment":[{"href":"https:\/\/propulsionquebec.com\/en\/wp-json\/wp\/v2\/media?parent=4665"}],"wp:term":[{"taxonomy":"ressource-type","embeddable":true,"href":"https:\/\/propulsionquebec.com\/en\/wp-json\/wp\/v2\/ressource-type?post=4665"},{"taxonomy":"ressource-ambition","embeddable":true,"href":"https:\/\/propulsionquebec.com\/en\/wp-json\/wp\/v2\/ressource-ambition?post=4665"}],"curies":[{"name":"wp","href":"https:\/\/api.w.org\/{rel}","templated":true}]}}