{"id":4647,"date":"2020-10-07T21:57:00","date_gmt":"2020-10-07T21:57:00","guid":{"rendered":"https:\/\/propulsionquebec.com\/nos-ressources\/lancement-de-la-deuxieme-edition-dimpulsion-mtl\/"},"modified":"2023-09-11T17:15:37","modified_gmt":"2023-09-11T17:15:37","slug":"lancement-de-la-deuxieme-edition-dimpulsion-mtl","status":"publish","type":"ressource","link":"https:\/\/propulsionquebec.com\/en\/nos-ressources\/lancement-de-la-deuxieme-edition-dimpulsion-mtl\/","title":{"rendered":"Launch of the second edition of IMPULSION MTL: Propulsion Qu\u00e9bec announces a series of virtual events for its International Fleet Forum"},"content":{"rendered":"<div class=\"component component-paragraph\" ><div class=\"container\">\n<p><strong>Montreal,\u00a0October\u00a07,\u00a02020\u00a0<\/strong>\u2013\u00a0Propulsion Qu\u00e9bec,\u00a0the\u00a0electric and smart transportation\u00a0cluster,\u00a0is delighted to announce the 2nd edition of\u00a0the\u00a0IMPULSION MTL\u00a0International\u00a0Fleet Forum.\u00a0Through a series of five activities taking place between October\u202f2020 and April\u202f2021, participants will have the opportunity\u00a0to learn more on different aspects of upgrading, managing and electrifying fleets.\u00a0The five activities\u00a0will\u00a0take place on\u00a0the following dates:\u00a0<\/p>\n<\/div><\/div>\n\n<div class=\"component component-list\" ><div class=\"container\">\n<ul class=\"wp-block-list\"><div class=\"component component-list-item\" ><div class=\"container\">\n<li>October 27,&nbsp;2020&nbsp;<\/li>\n<\/div><\/div>\n\n<div class=\"component component-list-item\" ><div class=\"container\">\n<li>December 8,&nbsp;2020&nbsp;<\/li>\n<\/div><\/div>\n\n<div class=\"component component-list-item\" ><div class=\"container\">\n<li>January 26,&nbsp;2020&nbsp;<\/li>\n<\/div><\/div>\n\n<div class=\"component component-list-item\" ><div class=\"container\">\n<li>March 16,&nbsp;2021<\/li>\n<\/div><\/div>\n\n<div class=\"component component-list-item\" ><div class=\"container\">\n<li>April 27,&nbsp;2021&nbsp;<\/li>\n<\/div><\/div><\/ul>\n<\/div><\/div>\n\n<div class=\"component component-paragraph\" ><div class=\"container\">\n<p>The\u00a02020\u00a0edition of\u00a0IMPULSION MTL\u00a0is co-presented by the government of Quebec and organized in collaboration with the cities of New York\u00a0and\u00a0Chicago,\u00a0and\u00a0various partners, including\u00a0Quebecor, Hydro-Qu\u00e9bec\u00a0and\u00a0AttriX\u00a0GeoTab\u00a0Integrated Partner. It\u00a0will\u00a0bring\u00a0professionals and suppliers together around a common objective: upgrading fleets with new technologies and solutions to meet environmental, social, operational, and regulatory requirements. Participants will be invited to reflect together on industry best practices and have opportunities to learn more about concrete and tested solutions, discover new technologies, and seize tailored business opportunities.\u00a0A wide range of topics will be covered during\u00a0event activities, including:\u00a0\u00a0<\/p>\n<\/div><\/div>\n\n<div class=\"component component-list\" ><div class=\"container\">\n<ul class=\"wp-block-list\"><div class=\"component component-list-item\" ><div class=\"container\">\n<li>Fleet management and operations&nbsp;for ground transportation&nbsp;<\/li>\n<\/div><\/div>\n\n<div class=\"component component-list-item\" ><div class=\"container\">\n<li>Charging&nbsp;solutions&nbsp;and batteries<\/li>\n<\/div><\/div>\n\n<div class=\"component component-list-item\" ><div class=\"container\">\n<li>Urban logistics<\/li>\n<\/div><\/div>\n\n<div class=\"component component-list-item\" ><div class=\"container\">\n<li>Connectivity and safety&nbsp;<\/li>\n<\/div><\/div><\/ul>\n<\/div><\/div>\n\n<div class=\"component component-paragraph\" ><div class=\"container\">\n<p>There is more and more interest in&nbsp;Quebec and&nbsp;around the&nbsp;world in&nbsp;the&nbsp;large-scale deployment collision-free, zero-emission and high-performance fleets: this is&nbsp;nothing less than the future of mobility.&nbsp;The event\u2019s new&nbsp;format makes it possible for&nbsp;us to welcome local and international speakers while shining a spotlight on Quebec businesses&nbsp;that have&nbsp;developed&nbsp;different&nbsp;kinds of electric vehicles and technologies for&nbsp;commercial vehicle&nbsp;electrification.&nbsp;&nbsp;<\/p>\n<\/div><\/div>\n\n<div class=\"component component-paragraph\" ><div class=\"container\">\n<p>In light of the global pandemic and in keeping with recommendations from public health authorities,&nbsp;this year\u2019s edition will be articulated around online activities including talks, webinars, panels, networking sessions, virtual booths, livestream interviews and collaborative&nbsp;workshops.&nbsp;<\/p>\n<\/div><\/div>\n\n<div class=\"component component-spacer\" ><div class=\"container\">\n<div style=\"height:100px\" aria-hidden=\"true\" class=\"wp-block-spacer\"><\/div>\n<\/div><\/div>\n\n<div class=\"component component-heading\" ><div class=\"container\">\n<h2 class=\"wp-block-heading is-style-h5\">Official launch: October 27, 2020<\/h2>\n<\/div><\/div>\n\n<div class=\"component component-paragraph\" ><div class=\"container\">\n<p>The official opening ceremony will take place virtually on October 27, 2020, with the theme of managing and operating\u00a0ground\u00a0transportation fleets. A number of distinguished guests and speakers will take part in the launch, including the Minister of the Economy and Innovation, Pierre Fitzgibbon, and the Qu\u00e9bec Delegate to Chicago, Martine H\u00e9bert. Representatives\u00a0from our\u00a0partner cities\u2014Keith Todd Kerman of New York, and Kevin Campbell and\u00a0John\u00a0Wedel of Chicago\u2014will take part in the opening panel entitled\u00a0\u201cCities present their electrification objectives.\u201d\u00a0The panel\u00a0\u201cCities\u2019 commitment and electrification strategies to minimize fleet-related environmental impact\u201d\u00a0will feature Mark Stevens from the City of Sacramento and Brad Salazar from Denver.\u00a0<\/p>\n<\/div><\/div>\n\n<div class=\"component component-spacer\" ><div class=\"container\">\n<div style=\"height:100px\" aria-hidden=\"true\" class=\"wp-block-spacer\"><\/div>\n<\/div><\/div>\n\n<div class=\"component component-heading\" ><div class=\"container\">\n<h2 class=\"wp-block-heading is-style-h5\">Impulsion MTL\u00a0is all about:\u00a0<\/h2>\n<\/div><\/div>\n\n<div class=\"component component-list\" ><div class=\"container\">\n<ul class=\"wp-block-list\"><div class=\"component component-list-item\" ><div class=\"container\">\n<li>Unmissable virtual&nbsp;activities&nbsp;where municipal, public,&nbsp;parapublic&nbsp;and private actors can discuss best management practices for the zero-emission fleets of the future.&nbsp;<\/li>\n<\/div><\/div>\n\n<div class=\"component component-list-item\" ><div class=\"container\">\n<li>Speakers from several major North American cities\u2014including&nbsp;New York,&nbsp;Chicago, Sacramento&nbsp;and&nbsp;Denver\u2014ready to share their solutions for the main challenges faced by the electric and smart transportation industry, including issues related to supply, compliance, safety and sustainability.&nbsp;<\/li>\n<\/div><\/div><\/ul>\n<\/div><\/div>\n\n<div class=\"component component-paragraph\" ><div class=\"container\">\n<p>In\u00a02019, at the\u00a0Montr\u00e9al\u00a0Science Centre,\u00a0the first ever edition of this international Forum brought together nearly\u00a0350\u00a0private and public sector\u00a0participants, and 50 local and international speakers\u2014experts in safety, smart technology and the environment. Some twenty businesses used our exhibition zone to showcase different types of vehicles, technological solutions and concrete solutions for electrifying and connecting fleets.\u00a0\u00a0<\/p>\n<\/div><\/div>\n\n<div class=\"component component-spacer\" ><div class=\"container\">\n<div style=\"height:100px\" aria-hidden=\"true\" class=\"wp-block-spacer\"><\/div>\n<\/div><\/div>\n\n<div class=\"component component-heading\" ><div class=\"container\">\n<h2 class=\"wp-block-heading is-style-h5\"><strong>Quotes\u00a0<\/strong><\/h2>\n<\/div><\/div>\n\n<div class=\"component component-quote\" ><div class=\"container\">\n<blockquote class=\"wp-block-quote is-layout-flow wp-block-quote-is-layout-flow\"><div class=\"component component-paragraph\" ><div class=\"container\">\n<p>\u201cWe are thrilled to be able to build on the success of Impulsion MTL\u2019s first edition and offer this new format\u2014adapted to\u00a0the\u00a0new COVID-19 reality\u2014that lets us\u00a0push the\u00a0conversation on upgrading fleets\u00a0even further.\u00a0This unprecedented pandemic\u00a0has made\u00a0promoting fleet\u00a0electrification\u00a0more relevant than ever, as government and environmental leaders are taking action for\u00a0a\u00a0green, fair and prosperous recovery. This second edition of the Forum will be\u00a0an opportunity to share success stories from here and elsewhere,\u00a0and to showcase Quebec\u2019s innovations and best practices for accelerating the\u00a0electrification of transportation. It\u2019s also a prime opportunity to promote Quebec\u2019s active ecosystem by putting our thriving and groundbreaking businesses front and center on an international level,\u201d states\u00a0Sarah\u00a0Houde,\u00a0CEO\u00a0of\u00a0Propulsion Qu\u00e9bec,\u00a0the\u00a0electric and smart transportation\u00a0cluster.\u00a0\u00a0<\/p>\n<\/div><\/div><\/blockquote>\n<\/div><\/div>\n\n<div class=\"component component-quote\" ><div class=\"container\">\n<blockquote class=\"wp-block-quote is-layout-flow wp-block-quote-is-layout-flow\"><div class=\"component component-paragraph\" ><div class=\"container\">\n<p>\u201cAbundant hydroelectricity, world-class researchers and innovative leading businesses in the electrification industry have enabled Qu\u00e9bec to position itself at the frontline of the global transition to clean electricity. Now is the time to invest in our strengths and structure a Qu\u00e9bec based battery supply-chain, from the responsible extraction and transformation of our strategic minerals to the battery recycling,\u201d noted Pierre Fitzgibbon, Minister of Economy and Innovation.\u00a0\u00a0<\/p>\n<\/div><\/div><\/blockquote>\n<\/div><\/div>\n\n<div class=\"component component-quote\" ><div class=\"container\">\n<blockquote class=\"wp-block-quote is-layout-flow wp-block-quote-is-layout-flow\"><div class=\"component component-paragraph\" ><div class=\"container\">\n<p>\u201cAs a business that is strongly committed to electrification of transportation and the fight against climate change, Quebecor is proud to be the principal partner of Propulsion Qu\u00e9bec and the IMPULSION MTL International Fleet Form,\u201d says Pierre Karl P\u00e9ladeau, President and CEO of Quebecor. \u201cThis major gathering is\u00a0a unique opportunity for leaders from all sectors who want to build a sustainable economy to share their expertise and vision. Events of this type are vitally important because transformative change can be achieved only with the support and participation of all actors in society.\u201d\u00a0\u00a0<\/p>\n<\/div><\/div><\/blockquote>\n<\/div><\/div>\n\n<div class=\"component component-spacer\" ><div class=\"container\">\n<div style=\"height:100px\" aria-hidden=\"true\" class=\"wp-block-spacer\"><\/div>\n<\/div><\/div>\n\n<div class=\"component component-heading\" ><div class=\"container\">\n<h2 class=\"wp-block-heading is-style-h5\">About Propulsion Qu\u00e9bec<\/h2>\n<\/div><\/div>\n\n<div class=\"component component-paragraph\" ><div class=\"container\">\n<p>Quebec\u2019s smart and electric transportation cluster rallies the entire sector around joint projects aimed at positioning Quebec as a leader in developing and implementing land transportation systems that promote smart and electric modes of ground transportation. Created in 2017, Propulsion Qu\u00e9bec has over 170 members from a variety of sectors and deploys its resources across seven distinct working groups to develop and support innovative projects. The cluster receives financial support from the Government of Quebec, the Government of Canada,\u00a0Communaut\u00e9\u00a0m\u00e9tropolitaine\u00a0de Montr\u00e9al (CMM), the FTQ Fonds de\u00a0solidarit\u00e9, Qu\u00e9bec\u00a0City,\u00a0Quebecor and\u00a0AttriX.<\/p>\n<\/div><\/div>\n\n\n\n","protected":false},"excerpt":{"rendered":"Propulsion Qu\u00e9bec,\u00a0the\u00a0electric and smart transportation\u00a0cluster,\u00a0is delighted to announce the 2nd edition of\u00a0the\u00a0IMPULSION MTL\u00a0International\u00a0Fleet Forum.\u00a0","protected":false},"featured_media":3590,"parent":0,"menu_order":0,"template":"","ressource-type":[33],"ressource-ambition":[40,41],"class_list":["post-4647","ressource","type-ressource","status-publish","has-post-thumbnail","hentry","ressource-type-press-release","ressource-ambition-innovation-rd","ressource-ambition-ev-transition"],"acf":[],"yoast_head":"<!-- This site is optimized with the Yoast SEO plugin v27.3 - https:\/\/yoast.com\/product\/yoast-seo-wordpress\/ -->\n<title>Launch of the second edition of IMPULSION MTL: Propulsion Qu\u00e9bec announces a series of virtual events for its International Fleet Forum | Propulsion Qu\u00e9bec<\/title>\n<meta name=\"description\" content=\"Propulsion Qu\u00e9bec,\u00a0the\u00a0electric and smart transportation\u00a0cluster,\u00a0is delighted to announce the 2nd edition of\u00a0the\u00a0IMPULSION MTL\u00a0International\u00a0Fleet Forum.\u00a0\" \/>\n<meta name=\"robots\" content=\"index, follow, max-snippet:-1, max-image-preview:large, max-video-preview:-1\" \/>\n<link rel=\"canonical\" href=\"https:\/\/propulsionquebec.com\/en\/nos-ressources\/lancement-de-la-deuxieme-edition-dimpulsion-mtl\/\" \/>\n<meta property=\"og:locale\" content=\"en_US\" \/>\n<meta property=\"og:type\" content=\"article\" \/>\n<meta property=\"og:title\" content=\"Launch of the second edition of IMPULSION MTL: Propulsion Qu\u00e9bec announces a series of virtual events for its International Fleet Forum | Propulsion Qu\u00e9bec\" \/>\n<meta property=\"og:description\" content=\"Propulsion Qu\u00e9bec,\u00a0the\u00a0electric and smart transportation\u00a0cluster,\u00a0is delighted to announce the 2nd edition of\u00a0the\u00a0IMPULSION MTL\u00a0International\u00a0Fleet Forum.\u00a0\" \/>\n<meta property=\"og:url\" content=\"https:\/\/propulsionquebec.com\/en\/nos-ressources\/lancement-de-la-deuxieme-edition-dimpulsion-mtl\/\" \/>\n<meta property=\"og:site_name\" content=\"Propulsion Qu\u00e9bec\" \/>\n<meta property=\"article:publisher\" content=\"https:\/\/www.facebook.com\/propulsionqc\" \/>\n<meta property=\"article:modified_time\" content=\"2023-09-11T17:15:37+00:00\" \/>\n<meta property=\"og:image\" content=\"https:\/\/www.propulsionquebec.com\/wp-content\/uploads\/2023\/08\/2020-10-07-Lancement-de-la-deuxieme-edition-dImpulsion-MTL-scaled.jpg\" \/>\n\t<meta property=\"og:image:width\" content=\"2560\" \/>\n\t<meta property=\"og:image:height\" content=\"1200\" \/>\n\t<meta property=\"og:image:type\" content=\"image\/jpeg\" \/>\n<meta name=\"twitter:card\" content=\"summary_large_image\" \/>\n<meta name=\"twitter:image\" content=\"https:\/\/propulsionquebec.com\/wp-content\/uploads\/2023\/08\/2020-10-07-Lancement-de-la-deuxieme-edition-dImpulsion-MTL-scaled.jpg\" \/>\n<meta name=\"twitter:label1\" content=\"Est. reading time\" \/>\n\t<meta name=\"twitter:data1\" content=\"5 minutes\" \/>\n<script type=\"application\/ld+json\" class=\"yoast-schema-graph\">{\"@context\":\"https:\\\/\\\/schema.org\",\"@graph\":[{\"@type\":\"WebPage\",\"@id\":\"https:\\\/\\\/propulsionquebec.com\\\/en\\\/nos-ressources\\\/lancement-de-la-deuxieme-edition-dimpulsion-mtl\\\/\",\"url\":\"https:\\\/\\\/propulsionquebec.com\\\/en\\\/nos-ressources\\\/lancement-de-la-deuxieme-edition-dimpulsion-mtl\\\/\",\"name\":\"Launch of the second edition of IMPULSION MTL: Propulsion Qu\u00e9bec announces a series of virtual events for its International Fleet Forum | Propulsion Qu\u00e9bec\",\"isPartOf\":{\"@id\":\"https:\\\/\\\/www.propulsionquebec.com\\\/en\\\/#website\"},\"primaryImageOfPage\":{\"@id\":\"https:\\\/\\\/propulsionquebec.com\\\/en\\\/nos-ressources\\\/lancement-de-la-deuxieme-edition-dimpulsion-mtl\\\/#primaryimage\"},\"image\":{\"@id\":\"https:\\\/\\\/propulsionquebec.com\\\/en\\\/nos-ressources\\\/lancement-de-la-deuxieme-edition-dimpulsion-mtl\\\/#primaryimage\"},\"thumbnailUrl\":\"https:\\\/\\\/propulsionquebec.com\\\/wp-content\\\/uploads\\\/2023\\\/08\\\/2020-10-07-Lancement-de-la-deuxieme-edition-dImpulsion-MTL-scaled.jpg\",\"datePublished\":\"2020-10-07T21:57:00+00:00\",\"dateModified\":\"2023-09-11T17:15:37+00:00\",\"description\":\"Propulsion Qu\u00e9bec,\u00a0the\u00a0electric and smart transportation\u00a0cluster,\u00a0is delighted to announce the 2nd edition of\u00a0the\u00a0IMPULSION MTL\u00a0International\u00a0Fleet Forum.\u00a0\",\"breadcrumb\":{\"@id\":\"https:\\\/\\\/propulsionquebec.com\\\/en\\\/nos-ressources\\\/lancement-de-la-deuxieme-edition-dimpulsion-mtl\\\/#breadcrumb\"},\"inLanguage\":\"en-US\",\"potentialAction\":[{\"@type\":\"ReadAction\",\"target\":[\"https:\\\/\\\/propulsionquebec.com\\\/en\\\/nos-ressources\\\/lancement-de-la-deuxieme-edition-dimpulsion-mtl\\\/\"]}]},{\"@type\":\"ImageObject\",\"inLanguage\":\"en-US\",\"@id\":\"https:\\\/\\\/propulsionquebec.com\\\/en\\\/nos-ressources\\\/lancement-de-la-deuxieme-edition-dimpulsion-mtl\\\/#primaryimage\",\"url\":\"https:\\\/\\\/propulsionquebec.com\\\/wp-content\\\/uploads\\\/2023\\\/08\\\/2020-10-07-Lancement-de-la-deuxieme-edition-dImpulsion-MTL-scaled.jpg\",\"contentUrl\":\"https:\\\/\\\/propulsionquebec.com\\\/wp-content\\\/uploads\\\/2023\\\/08\\\/2020-10-07-Lancement-de-la-deuxieme-edition-dImpulsion-MTL-scaled.jpg\",\"width\":2560,\"height\":1200},{\"@type\":\"BreadcrumbList\",\"@id\":\"https:\\\/\\\/propulsionquebec.com\\\/en\\\/nos-ressources\\\/lancement-de-la-deuxieme-edition-dimpulsion-mtl\\\/#breadcrumb\",\"itemListElement\":[{\"@type\":\"ListItem\",\"position\":1,\"name\":\"Accueil\",\"item\":\"https:\\\/\\\/propulsionquebec.com\\\/en\\\/\"},{\"@type\":\"ListItem\",\"position\":2,\"name\":\"Ressources\",\"item\":\"https:\\\/\\\/propulsionquebec.com\\\/en\\\/nos-ressources\\\/\"},{\"@type\":\"ListItem\",\"position\":3,\"name\":\"Launch of the second edition of IMPULSION MTL: Propulsion Qu\u00e9bec announces a series of virtual events for its International Fleet Forum\"}]},{\"@type\":\"WebSite\",\"@id\":\"https:\\\/\\\/www.propulsionquebec.com\\\/en\\\/#website\",\"url\":\"https:\\\/\\\/www.propulsionquebec.com\\\/en\\\/\",\"name\":\"Propulsion Qu\u00e9bec\",\"description\":\"\",\"publisher\":{\"@id\":\"https:\\\/\\\/www.propulsionquebec.com\\\/en\\\/#organization\"},\"potentialAction\":[{\"@type\":\"SearchAction\",\"target\":{\"@type\":\"EntryPoint\",\"urlTemplate\":\"https:\\\/\\\/www.propulsionquebec.com\\\/en\\\/?s={search_term_string}\"},\"query-input\":{\"@type\":\"PropertyValueSpecification\",\"valueRequired\":true,\"valueName\":\"search_term_string\"}}],\"inLanguage\":\"en-US\"},{\"@type\":\"Organization\",\"@id\":\"https:\\\/\\\/www.propulsionquebec.com\\\/en\\\/#organization\",\"name\":\"Propulsion Qu\u00e9bec\",\"url\":\"https:\\\/\\\/www.propulsionquebec.com\\\/en\\\/\",\"logo\":{\"@type\":\"ImageObject\",\"inLanguage\":\"en-US\",\"@id\":\"https:\\\/\\\/www.propulsionquebec.com\\\/en\\\/#\\\/schema\\\/logo\\\/image\\\/\",\"url\":\"https:\\\/\\\/propulsionquebec.com\\\/wp-content\\\/uploads\\\/2023\\\/06\\\/propulsion-quebec-logo.png\",\"contentUrl\":\"https:\\\/\\\/propulsionquebec.com\\\/wp-content\\\/uploads\\\/2023\\\/06\\\/propulsion-quebec-logo.png\",\"width\":467,\"height\":130,\"caption\":\"Propulsion Qu\u00e9bec\"},\"image\":{\"@id\":\"https:\\\/\\\/www.propulsionquebec.com\\\/en\\\/#\\\/schema\\\/logo\\\/image\\\/\"},\"sameAs\":[\"https:\\\/\\\/www.facebook.com\\\/propulsionqc\"]}]}<\/script>\n<!-- \/ Yoast SEO plugin. -->","yoast_head_json":{"title":"Launch of the second edition of IMPULSION MTL: Propulsion Qu\u00e9bec announces a series of virtual events for its International Fleet Forum | Propulsion Qu\u00e9bec","description":"Propulsion Qu\u00e9bec,\u00a0the\u00a0electric and smart transportation\u00a0cluster,\u00a0is delighted to announce the 2nd edition of\u00a0the\u00a0IMPULSION MTL\u00a0International\u00a0Fleet Forum.\u00a0","robots":{"index":"index","follow":"follow","max-snippet":"max-snippet:-1","max-image-preview":"max-image-preview:large","max-video-preview":"max-video-preview:-1"},"canonical":"https:\/\/propulsionquebec.com\/en\/nos-ressources\/lancement-de-la-deuxieme-edition-dimpulsion-mtl\/","og_locale":"en_US","og_type":"article","og_title":"Launch of the second edition of IMPULSION MTL: Propulsion Qu\u00e9bec announces a series of virtual events for its International Fleet Forum | Propulsion Qu\u00e9bec","og_description":"Propulsion Qu\u00e9bec,\u00a0the\u00a0electric and smart transportation\u00a0cluster,\u00a0is delighted to announce the 2nd edition of\u00a0the\u00a0IMPULSION MTL\u00a0International\u00a0Fleet Forum.\u00a0","og_url":"https:\/\/propulsionquebec.com\/en\/nos-ressources\/lancement-de-la-deuxieme-edition-dimpulsion-mtl\/","og_site_name":"Propulsion Qu\u00e9bec","article_publisher":"https:\/\/www.facebook.com\/propulsionqc","article_modified_time":"2023-09-11T17:15:37+00:00","og_image":[{"width":2560,"height":1200,"url":"https:\/\/www.propulsionquebec.com\/wp-content\/uploads\/2023\/08\/2020-10-07-Lancement-de-la-deuxieme-edition-dImpulsion-MTL-scaled.jpg","type":"image\/jpeg"}],"twitter_card":"summary_large_image","twitter_image":"https:\/\/propulsionquebec.com\/wp-content\/uploads\/2023\/08\/2020-10-07-Lancement-de-la-deuxieme-edition-dImpulsion-MTL-scaled.jpg","twitter_misc":{"Est. reading time":"5 minutes"},"schema":{"@context":"https:\/\/schema.org","@graph":[{"@type":"WebPage","@id":"https:\/\/propulsionquebec.com\/en\/nos-ressources\/lancement-de-la-deuxieme-edition-dimpulsion-mtl\/","url":"https:\/\/propulsionquebec.com\/en\/nos-ressources\/lancement-de-la-deuxieme-edition-dimpulsion-mtl\/","name":"Launch of the second edition of IMPULSION MTL: Propulsion Qu\u00e9bec announces a series of virtual events for its International Fleet Forum | Propulsion Qu\u00e9bec","isPartOf":{"@id":"https:\/\/www.propulsionquebec.com\/en\/#website"},"primaryImageOfPage":{"@id":"https:\/\/propulsionquebec.com\/en\/nos-ressources\/lancement-de-la-deuxieme-edition-dimpulsion-mtl\/#primaryimage"},"image":{"@id":"https:\/\/propulsionquebec.com\/en\/nos-ressources\/lancement-de-la-deuxieme-edition-dimpulsion-mtl\/#primaryimage"},"thumbnailUrl":"https:\/\/propulsionquebec.com\/wp-content\/uploads\/2023\/08\/2020-10-07-Lancement-de-la-deuxieme-edition-dImpulsion-MTL-scaled.jpg","datePublished":"2020-10-07T21:57:00+00:00","dateModified":"2023-09-11T17:15:37+00:00","description":"Propulsion Qu\u00e9bec,\u00a0the\u00a0electric and smart transportation\u00a0cluster,\u00a0is delighted to announce the 2nd edition of\u00a0the\u00a0IMPULSION MTL\u00a0International\u00a0Fleet Forum.\u00a0","breadcrumb":{"@id":"https:\/\/propulsionquebec.com\/en\/nos-ressources\/lancement-de-la-deuxieme-edition-dimpulsion-mtl\/#breadcrumb"},"inLanguage":"en-US","potentialAction":[{"@type":"ReadAction","target":["https:\/\/propulsionquebec.com\/en\/nos-ressources\/lancement-de-la-deuxieme-edition-dimpulsion-mtl\/"]}]},{"@type":"ImageObject","inLanguage":"en-US","@id":"https:\/\/propulsionquebec.com\/en\/nos-ressources\/lancement-de-la-deuxieme-edition-dimpulsion-mtl\/#primaryimage","url":"https:\/\/propulsionquebec.com\/wp-content\/uploads\/2023\/08\/2020-10-07-Lancement-de-la-deuxieme-edition-dImpulsion-MTL-scaled.jpg","contentUrl":"https:\/\/propulsionquebec.com\/wp-content\/uploads\/2023\/08\/2020-10-07-Lancement-de-la-deuxieme-edition-dImpulsion-MTL-scaled.jpg","width":2560,"height":1200},{"@type":"BreadcrumbList","@id":"https:\/\/propulsionquebec.com\/en\/nos-ressources\/lancement-de-la-deuxieme-edition-dimpulsion-mtl\/#breadcrumb","itemListElement":[{"@type":"ListItem","position":1,"name":"Accueil","item":"https:\/\/propulsionquebec.com\/en\/"},{"@type":"ListItem","position":2,"name":"Ressources","item":"https:\/\/propulsionquebec.com\/en\/nos-ressources\/"},{"@type":"ListItem","position":3,"name":"Launch of the second edition of IMPULSION MTL: Propulsion Qu\u00e9bec announces a series of virtual events for its International Fleet Forum"}]},{"@type":"WebSite","@id":"https:\/\/www.propulsionquebec.com\/en\/#website","url":"https:\/\/www.propulsionquebec.com\/en\/","name":"Propulsion Qu\u00e9bec","description":"","publisher":{"@id":"https:\/\/www.propulsionquebec.com\/en\/#organization"},"potentialAction":[{"@type":"SearchAction","target":{"@type":"EntryPoint","urlTemplate":"https:\/\/www.propulsionquebec.com\/en\/?s={search_term_string}"},"query-input":{"@type":"PropertyValueSpecification","valueRequired":true,"valueName":"search_term_string"}}],"inLanguage":"en-US"},{"@type":"Organization","@id":"https:\/\/www.propulsionquebec.com\/en\/#organization","name":"Propulsion Qu\u00e9bec","url":"https:\/\/www.propulsionquebec.com\/en\/","logo":{"@type":"ImageObject","inLanguage":"en-US","@id":"https:\/\/www.propulsionquebec.com\/en\/#\/schema\/logo\/image\/","url":"https:\/\/propulsionquebec.com\/wp-content\/uploads\/2023\/06\/propulsion-quebec-logo.png","contentUrl":"https:\/\/propulsionquebec.com\/wp-content\/uploads\/2023\/06\/propulsion-quebec-logo.png","width":467,"height":130,"caption":"Propulsion Qu\u00e9bec"},"image":{"@id":"https:\/\/www.propulsionquebec.com\/en\/#\/schema\/logo\/image\/"},"sameAs":["https:\/\/www.facebook.com\/propulsionqc"]}]}},"_links":{"self":[{"href":"https:\/\/propulsionquebec.com\/en\/wp-json\/wp\/v2\/ressource\/4647","targetHints":{"allow":["GET"]}}],"collection":[{"href":"https:\/\/propulsionquebec.com\/en\/wp-json\/wp\/v2\/ressource"}],"about":[{"href":"https:\/\/propulsionquebec.com\/en\/wp-json\/wp\/v2\/types\/ressource"}],"wp:featuredmedia":[{"embeddable":true,"href":"https:\/\/propulsionquebec.com\/en\/wp-json\/wp\/v2\/media\/3590"}],"wp:attachment":[{"href":"https:\/\/propulsionquebec.com\/en\/wp-json\/wp\/v2\/media?parent=4647"}],"wp:term":[{"taxonomy":"ressource-type","embeddable":true,"href":"https:\/\/propulsionquebec.com\/en\/wp-json\/wp\/v2\/ressource-type?post=4647"},{"taxonomy":"ressource-ambition","embeddable":true,"href":"https:\/\/propulsionquebec.com\/en\/wp-json\/wp\/v2\/ressource-ambition?post=4647"}],"curies":[{"name":"wp","href":"https:\/\/api.w.org\/{rel}","templated":true}]}}