{"id":4273,"date":"2021-03-11T19:28:00","date_gmt":"2021-03-11T19:28:00","guid":{"rendered":"https:\/\/propulsionquebec.com\/nos-ressources\/le-rdv-en-route-arrive-a-grands-pas\/"},"modified":"2023-09-29T15:58:46","modified_gmt":"2023-09-29T15:58:46","slug":"le-rdv-en-route-arrive-a-grands-pas","status":"publish","type":"ressource","link":"https:\/\/propulsionquebec.com\/en\/nos-ressources\/le-rdv-en-route-arrive-a-grands-pas\/","title":{"rendered":"En route! the Event is almost here!"},"content":{"rendered":"<div class=\"component component-paragraph\" ><div class=\"container\">\n<p><strong>Montreal, March 11, 2021 \u2014<\/strong> In January Propulsion Qu\u00e9bec, the cluster for electric and smart transportation (EST), kicked off a new initiative to promote the sector and attract new talent and skilled workers to the EST industry: <a href=\"https:\/\/propulsionquebec.com\/propulseur-de-carrieres-en-tei\/\" target=\"_blank\" rel=\"noreferrer noopener\"><em>E<\/em><\/a><a href=\"https:\/\/propulsionquebec.com\/en\/propulseur-de-carrieres-en-tei\/\" target=\"_blank\" rel=\"noreferrer noopener\"><em>n route!<\/em>, the Career Hub in Electric and Smart Transportation<\/a>. <em>En route! the Event<\/em>, the first ever virtual career fair devoted to electric and smart transportation, will take place <strong>March 29 and 30<\/strong>. Participants will be able to explore education, career, and job opportunities in a growing sector and meet the homegrown businesses making Quebec a global go-to for expertise in the field!<\/p>\n<\/div><\/div>\n\n<div class=\"component component-paragraph\" ><div class=\"container\">\n<p>The event, co-presented by the Quebec government and in cooperation with more than <strong>40 partners<\/strong>, will connect students, workers, and job seekers with Quebec businesses and educational institutions to help guide, train, and recruit the skilled workforce needed for the EST industry to grow. A full <strong>800 participants<\/strong> will gather virtually over two days for inspiring talks, discussion panels, a virtual exhibitor hall, and networking sessions.<\/p>\n<\/div><\/div>\n\n<div class=\"component component-paragraph\" ><div class=\"container\">\n<p><strong><em>En route!<\/em> The Event<\/strong> is an unparalleled opportunity to learn about the study paths that lead to careers in EST, talk with educational institutions, discover new career and job opportunities, and attend sessions with key players in the EST industry. Today\u2019s talent will reinvent tomorrow\u2019s mobility!<\/p>\n<\/div><\/div>\n\n<div class=\"component component-spacer\" ><div class=\"container\">\n<div style=\"height:100px\" aria-hidden=\"true\" class=\"wp-block-spacer\"><\/div>\n<\/div><\/div>\n\n<div class=\"component component-heading\" ><div class=\"container\">\n<h2 class=\"wp-block-heading is-style-h5\">Schedule, concept, and format<\/h2>\n<\/div><\/div>\n\n<div class=\"component component-paragraph\" ><div class=\"container\">\n<p>For this inaugural edition, <strong><em>En route! <\/em>the Event<\/strong> is presenting a fully virtual lineup. Panels and presentations will be available live and for replay, offering the perfect chance for participants to learn about different EST subsectors and new career opportunities. Businesses and educational institutions in the field will promote their jobs and programs in spotlight videos, and participants will be able to network with them in virtual booths just like at any career and education fair. Participants will be able to visit 30 booths from leading EST businesses and ten booths from educational institutions.<\/p>\n<\/div><\/div>\n\n<div class=\"component component-paragraph\" ><div class=\"container\">\n<p>The first day, March 29, will be an introduction to the EST sector and the education and training opportunities available. It will include current and future trends, the related opportunities, plus a discussion panel on exciting careers in the field and the challenges to be tackled. March 30 will be focused on careers in electric and smart transportation. There will be two discussion panels: \u201cTransportation electrification: Quebec\u2019s current position and goals\u201d and \u201cSmart transportation: The revolution is now!\u201d Also featured will be portraits of the different sectors, from transportation electrification to smart transportation to new mobility solutions.<\/p>\n<\/div><\/div>\n\n<div class=\"component component-paragraph\" ><div class=\"container\">\n<p>Job seekers, students, workers, educational institutions, guidance counselors, and businesses working in electric and smart transportation will come together virtually over two days to hear from star speakers from Quebec\u2019s EST industry, including: Marc B\u00e9dard, CEO of The Lion Electric Co., Sylvain Castonguay, Head of Commercial eVehicle Integration Strategy and Program and Operations Director at Dana, Frantz Saintellemy, President and COO of LeddarTech, Louis Tremblay, CEO of Add\u00c9nergie, and David Van der Wee, Vice President, Head of Rolling Stock, Alstom Americas at Alstom.<\/p>\n<\/div><\/div>\n\n<div class=\"component component-paragraph\" ><div class=\"container\">\n<p>All the biggest names in Quebec\u2019s EST industry will be there to show off their career opportunities, including: Merkur Inc., LeddarTech, BRP, Dana, Dana TM4, Effenco, Nova Bus, Add\u00c9nergie, BIXI Montr\u00e9al \u2013 CycloChrome, The Lion Electric Co., Soci\u00e9t\u00e9 de transport de Laval (STL), Blue Solutions, and many more. Academic institutions will also participate in the virtual format, including C\u00e9gep de Saint-J\u00e9r\u00f4me, \u00c9cole de technologie sup\u00e9rieure (\u00c9TS), C\u00e9gep de Sainte-Foy, Comp\u00e9tences VE \u2013 CPCPA, McGill University, Polytechnique Montr\u00e9al, Concordia University, Universit\u00e9 de Sherbrooke, Universit\u00e9 Laval, and EMEMM, Montreal\u2019s motorized equipment trade school.<\/p>\n<\/div><\/div>\n\n<div class=\"component component-spacer\" ><div class=\"container\">\n<div style=\"height:100px\" aria-hidden=\"true\" class=\"wp-block-spacer\"><\/div>\n<\/div><\/div>\n\n<div class=\"component component-heading\" ><div class=\"container\">\n<h2 class=\"wp-block-heading is-style-h5\">After the event, the work continues<\/h2>\n<\/div><\/div>\n\n<div class=\"component component-paragraph\" ><div class=\"container\">\n<p>The <em>En Route!<\/em> initiative will continue for several months after the fair, with an <a href=\"https:\/\/propulsionquebec.com\/en\/propulseur-de-carrieres-en-tei\/\" target=\"_blank\" rel=\"noreferrer noopener\">official webpage<\/a> listing job opportunities in EST, education and training, key figures in the industry, videos on different Quebec businesses, job descriptions, and worker profiles.<\/p>\n<\/div><\/div>\n\n<div class=\"component component-paragraph\" ><div class=\"container\">\n<p>Hiring managers, job seekers, and internship candidates should check back regularly to stay on top of the many career opportunities in electric and smart transportation. There are currently more than 235 job listings posted on Propulsion Qu\u00e9bec\u2019s <em>En route!<\/em> website, ranging from engineers to software developers, technicians, mechanics, assemblers, and more! <\/p>\n<\/div><\/div>\n\n<div class=\"component component-spacer\" ><div class=\"container\">\n<div style=\"height:100px\" aria-hidden=\"true\" class=\"wp-block-spacer\"><\/div>\n<\/div><\/div>\n\n<div class=\"component component-heading\" ><div class=\"container\">\n<h2 class=\"wp-block-heading is-style-h5\">Quotes<\/h2>\n<\/div><\/div>\n\n<div class=\"component component-quote\" ><div class=\"container\">\n<blockquote class=\"wp-block-quote is-layout-flow wp-block-quote-is-layout-flow\"><div class=\"component component-paragraph\" ><div class=\"container\">\n<p>\u201cWith its wealth of natural resources, hydroelectricity, and transportation expertise, Quebec is poised to be a world leader in electric and smart transportation. But for 70% of our members, workforce challenges are the biggest obstacle to growth. <strong><em>En route! <\/em>The Event<\/strong> aims to convince students, recent graduates, and workers from other industries near and far to choose a career in EST. With the support of public partners, educational institutions, and Quebec EST businesses, the cluster will harness the potential of qualified talent from both inside and outside Quebec! <strong><em>En route! <\/em>The Event<\/strong> is the perfect opportunity to learn about the field and the careers it offers today and find an innovative job defining the transportation of tomorrow!\u201d noted Sarah Houde, CEO of Propulsion Qu\u00e9bec.<\/p>\n<\/div><\/div><\/blockquote>\n<\/div><\/div>\n\n<div class=\"component component-quote\" ><div class=\"container\">\n<blockquote class=\"wp-block-quote is-layout-flow wp-block-quote-is-layout-flow\"><div class=\"component component-paragraph\" ><div class=\"container\">\n<p>\u201cThe labor market has been in flux since the COVID-19 pandemic struck. EST is one of the sectors that\u2019s been affected by the workforce shortage.<em> <strong>En route! <\/strong><\/em><strong>The Event <\/strong>is an excellent opportunity to explore the education, training, and recruitment offerings in this booming industry. It\u2019s important to support this type of initiative because it helps build a strong economy based on high-quality jobs,\u201d said Jean Boulet, Minister of Labour, Employment and Social Solidarity and Minister Responsible for the Mauricie Region.<\/p>\n<\/div><\/div><\/blockquote>\n<\/div><\/div>\n\n<div class=\"component component-spacer\" ><div class=\"container\">\n<div style=\"height:100px\" aria-hidden=\"true\" class=\"wp-block-spacer\"><\/div>\n<\/div><\/div>\n\n<div class=\"component component-paragraph\" ><div class=\"container\">\n<p>The <em>En route!<\/em> initiative is made possible thanks to the financial support of our partners: the Quebec government, Merkur Inc., LeddarTech, BRP, Dana, Dana TM4, Effenco, Nova Bus, Add\u00c9nergie, BIXI Montr\u00e9al \u2013 CycloChrome, The Lion Electric Co., Soci\u00e9t\u00e9 de transport de Laval (STL), Blue Solutions Canada, C\u00e9gep de Saint-J\u00e9r\u00f4me, \u00c9cole de technologie sup\u00e9rieure (\u00c9TS), C\u00e9gep de Sainte-Foy, Comp\u00e9tences VE \u2013 CPCPA, McGill University, Polytechnique Montr\u00e9al, Concordia University, Universit\u00e9 de Sherbrooke, Universit\u00e9 Laval, and \u00c9cole des m\u00e9tiers de l\u2019\u00e9quipement motoris\u00e9 de Montr\u00e9al (EMEMM).<\/p>\n<\/div><\/div>\n\n<div class=\"component component-paragraph\" ><div class=\"container\">\n<p>To learn more about <em>En route! to a Career in Electric and Smart Transportation<\/em>, visit the <a href=\"https:\/\/propulsionquebec.com\/en\/propulseur-de-carrieres-en-tei\/\" target=\"_blank\" rel=\"noreferrer noopener\">official webpage<\/a>.<\/p>\n<\/div><\/div>\n\n<div class=\"component component-spacer\" ><div class=\"container\">\n<div style=\"height:100px\" aria-hidden=\"true\" class=\"wp-block-spacer\"><\/div>\n<\/div><\/div>\n\n<div class=\"component component-heading\" ><div class=\"container\">\n<h2 class=\"wp-block-heading is-style-h5\">About Propulsion Qu\u00e9bec<\/h2>\n<\/div><\/div>\n\n<div class=\"component component-paragraph\" ><div class=\"container\">\n<p>Qu\u00e9bec\u2019s smart and electric transportation cluster rallies the entire sector around joint projects aimed at positioning Qu\u00e9bec as a leader in developing and implementing land transportation systems that promote smart and electric transportation. Created in 2017, Propulsion Qu\u00e9bec has over 210 members from a variety of sectors and deploys its resources across six distinct working groups to develop and support innovative projects. The cluster receives financial support from the Government of Qu\u00e9bec, the Government of Canada, Communaut\u00e9 m\u00e9tropolitaine de Montr\u00e9al (CMM), ATTRIX, the Fonds de solidarit\u00e9 FTQ, Hydro-Qu\u00e9bec and Quebecor.<\/p>\n<\/div><\/div>\n\n\n\n","protected":false},"excerpt":{"rendered":"In January Propulsion Qu\u00e9bec, the cluster for electric and smart transportation (EST), kicked off a new initiative to promote the sector and attract new talent and skilled workers to the EST industry: En route!, the Career Hub in Electric and Smart Transportation. ","protected":false},"featured_media":4274,"parent":0,"menu_order":0,"template":"","ressource-type":[33],"ressource-ambition":[39],"class_list":["post-4273","ressource","type-ressource","status-publish","has-post-thumbnail","hentry","ressource-type-press-release","ressource-ambition-talent"],"acf":[],"yoast_head":"<!-- This site is optimized with the Yoast SEO plugin v27.3 - https:\/\/yoast.com\/product\/yoast-seo-wordpress\/ -->\n<title>En route! the Event is almost here! | Propulsion Qu\u00e9bec<\/title>\n<meta name=\"description\" content=\"In January Propulsion Qu\u00e9bec, the cluster for electric and smart transportation (EST), kicked off a new initiative to promote the sector and attract new talent and skilled workers to the EST industry: En route!, the Career Hub in Electric and Smart Transportation.\" \/>\n<meta name=\"robots\" content=\"index, follow, max-snippet:-1, max-image-preview:large, max-video-preview:-1\" \/>\n<link rel=\"canonical\" href=\"https:\/\/propulsionquebec.com\/en\/nos-ressources\/le-rdv-en-route-arrive-a-grands-pas\/\" \/>\n<meta property=\"og:locale\" content=\"en_US\" \/>\n<meta property=\"og:type\" content=\"article\" \/>\n<meta property=\"og:title\" content=\"En route! the Event is almost here! | Propulsion Qu\u00e9bec\" \/>\n<meta property=\"og:description\" content=\"In January Propulsion Qu\u00e9bec, the cluster for electric and smart transportation (EST), kicked off a new initiative to promote the sector and attract new talent and skilled workers to the EST industry: En route!, the Career Hub in Electric and Smart Transportation.\" \/>\n<meta property=\"og:url\" content=\"https:\/\/propulsionquebec.com\/en\/nos-ressources\/le-rdv-en-route-arrive-a-grands-pas\/\" \/>\n<meta property=\"og:site_name\" content=\"Propulsion Qu\u00e9bec\" \/>\n<meta property=\"article:publisher\" content=\"https:\/\/www.facebook.com\/propulsionqc\" \/>\n<meta property=\"article:modified_time\" content=\"2023-09-29T15:58:46+00:00\" \/>\n<meta property=\"og:image\" content=\"https:\/\/propulsionquebec.com\/wp-content\/uploads\/2021\/03\/2021-03-11-Le-RDV-En-route-arrive-a-grands-pas_EN-scaled.jpg\" \/>\n\t<meta property=\"og:image:width\" content=\"2560\" \/>\n\t<meta property=\"og:image:height\" content=\"1200\" \/>\n\t<meta property=\"og:image:type\" content=\"image\/jpeg\" \/>\n<meta name=\"twitter:card\" content=\"summary_large_image\" \/>\n<meta name=\"twitter:image\" content=\"https:\/\/propulsionquebec.com\/wp-content\/uploads\/2021\/03\/2021-03-11-Le-RDV-En-route-arrive-a-grands-pas_EN-scaled.jpg\" \/>\n<meta name=\"twitter:label1\" content=\"Est. reading time\" \/>\n\t<meta name=\"twitter:data1\" content=\"5 minutes\" \/>\n<script type=\"application\/ld+json\" class=\"yoast-schema-graph\">{\"@context\":\"https:\\\/\\\/schema.org\",\"@graph\":[{\"@type\":\"WebPage\",\"@id\":\"https:\\\/\\\/propulsionquebec.com\\\/en\\\/nos-ressources\\\/le-rdv-en-route-arrive-a-grands-pas\\\/\",\"url\":\"https:\\\/\\\/propulsionquebec.com\\\/en\\\/nos-ressources\\\/le-rdv-en-route-arrive-a-grands-pas\\\/\",\"name\":\"En route! the Event is almost here! | Propulsion Qu\u00e9bec\",\"isPartOf\":{\"@id\":\"https:\\\/\\\/www.propulsionquebec.com\\\/en\\\/#website\"},\"primaryImageOfPage\":{\"@id\":\"https:\\\/\\\/propulsionquebec.com\\\/en\\\/nos-ressources\\\/le-rdv-en-route-arrive-a-grands-pas\\\/#primaryimage\"},\"image\":{\"@id\":\"https:\\\/\\\/propulsionquebec.com\\\/en\\\/nos-ressources\\\/le-rdv-en-route-arrive-a-grands-pas\\\/#primaryimage\"},\"thumbnailUrl\":\"https:\\\/\\\/propulsionquebec.com\\\/wp-content\\\/uploads\\\/2021\\\/03\\\/2021-03-11-Le-RDV-En-route-arrive-a-grands-pas_EN-scaled.jpg\",\"datePublished\":\"2021-03-11T19:28:00+00:00\",\"dateModified\":\"2023-09-29T15:58:46+00:00\",\"description\":\"In January Propulsion Qu\u00e9bec, the cluster for electric and smart transportation (EST), kicked off a new initiative to promote the sector and attract new talent and skilled workers to the EST industry: En route!, the Career Hub in Electric and Smart Transportation.\",\"breadcrumb\":{\"@id\":\"https:\\\/\\\/propulsionquebec.com\\\/en\\\/nos-ressources\\\/le-rdv-en-route-arrive-a-grands-pas\\\/#breadcrumb\"},\"inLanguage\":\"en-US\",\"potentialAction\":[{\"@type\":\"ReadAction\",\"target\":[\"https:\\\/\\\/propulsionquebec.com\\\/en\\\/nos-ressources\\\/le-rdv-en-route-arrive-a-grands-pas\\\/\"]}]},{\"@type\":\"ImageObject\",\"inLanguage\":\"en-US\",\"@id\":\"https:\\\/\\\/propulsionquebec.com\\\/en\\\/nos-ressources\\\/le-rdv-en-route-arrive-a-grands-pas\\\/#primaryimage\",\"url\":\"https:\\\/\\\/propulsionquebec.com\\\/wp-content\\\/uploads\\\/2021\\\/03\\\/2021-03-11-Le-RDV-En-route-arrive-a-grands-pas_EN-scaled.jpg\",\"contentUrl\":\"https:\\\/\\\/propulsionquebec.com\\\/wp-content\\\/uploads\\\/2021\\\/03\\\/2021-03-11-Le-RDV-En-route-arrive-a-grands-pas_EN-scaled.jpg\",\"width\":2560,\"height\":1200},{\"@type\":\"BreadcrumbList\",\"@id\":\"https:\\\/\\\/propulsionquebec.com\\\/en\\\/nos-ressources\\\/le-rdv-en-route-arrive-a-grands-pas\\\/#breadcrumb\",\"itemListElement\":[{\"@type\":\"ListItem\",\"position\":1,\"name\":\"Accueil\",\"item\":\"https:\\\/\\\/propulsionquebec.com\\\/en\\\/\"},{\"@type\":\"ListItem\",\"position\":2,\"name\":\"Ressources\",\"item\":\"https:\\\/\\\/propulsionquebec.com\\\/en\\\/nos-ressources\\\/\"},{\"@type\":\"ListItem\",\"position\":3,\"name\":\"En route! the Event is almost here!\"}]},{\"@type\":\"WebSite\",\"@id\":\"https:\\\/\\\/www.propulsionquebec.com\\\/en\\\/#website\",\"url\":\"https:\\\/\\\/www.propulsionquebec.com\\\/en\\\/\",\"name\":\"Propulsion Qu\u00e9bec\",\"description\":\"\",\"publisher\":{\"@id\":\"https:\\\/\\\/www.propulsionquebec.com\\\/en\\\/#organization\"},\"potentialAction\":[{\"@type\":\"SearchAction\",\"target\":{\"@type\":\"EntryPoint\",\"urlTemplate\":\"https:\\\/\\\/www.propulsionquebec.com\\\/en\\\/?s={search_term_string}\"},\"query-input\":{\"@type\":\"PropertyValueSpecification\",\"valueRequired\":true,\"valueName\":\"search_term_string\"}}],\"inLanguage\":\"en-US\"},{\"@type\":\"Organization\",\"@id\":\"https:\\\/\\\/www.propulsionquebec.com\\\/en\\\/#organization\",\"name\":\"Propulsion Qu\u00e9bec\",\"url\":\"https:\\\/\\\/www.propulsionquebec.com\\\/en\\\/\",\"logo\":{\"@type\":\"ImageObject\",\"inLanguage\":\"en-US\",\"@id\":\"https:\\\/\\\/www.propulsionquebec.com\\\/en\\\/#\\\/schema\\\/logo\\\/image\\\/\",\"url\":\"https:\\\/\\\/propulsionquebec.com\\\/wp-content\\\/uploads\\\/2023\\\/06\\\/propulsion-quebec-logo.png\",\"contentUrl\":\"https:\\\/\\\/propulsionquebec.com\\\/wp-content\\\/uploads\\\/2023\\\/06\\\/propulsion-quebec-logo.png\",\"width\":467,\"height\":130,\"caption\":\"Propulsion Qu\u00e9bec\"},\"image\":{\"@id\":\"https:\\\/\\\/www.propulsionquebec.com\\\/en\\\/#\\\/schema\\\/logo\\\/image\\\/\"},\"sameAs\":[\"https:\\\/\\\/www.facebook.com\\\/propulsionqc\"]}]}<\/script>\n<!-- \/ Yoast SEO plugin. -->","yoast_head_json":{"title":"En route! the Event is almost here! | Propulsion Qu\u00e9bec","description":"In January Propulsion Qu\u00e9bec, the cluster for electric and smart transportation (EST), kicked off a new initiative to promote the sector and attract new talent and skilled workers to the EST industry: En route!, the Career Hub in Electric and Smart Transportation.","robots":{"index":"index","follow":"follow","max-snippet":"max-snippet:-1","max-image-preview":"max-image-preview:large","max-video-preview":"max-video-preview:-1"},"canonical":"https:\/\/propulsionquebec.com\/en\/nos-ressources\/le-rdv-en-route-arrive-a-grands-pas\/","og_locale":"en_US","og_type":"article","og_title":"En route! the Event is almost here! | Propulsion Qu\u00e9bec","og_description":"In January Propulsion Qu\u00e9bec, the cluster for electric and smart transportation (EST), kicked off a new initiative to promote the sector and attract new talent and skilled workers to the EST industry: En route!, the Career Hub in Electric and Smart Transportation.","og_url":"https:\/\/propulsionquebec.com\/en\/nos-ressources\/le-rdv-en-route-arrive-a-grands-pas\/","og_site_name":"Propulsion Qu\u00e9bec","article_publisher":"https:\/\/www.facebook.com\/propulsionqc","article_modified_time":"2023-09-29T15:58:46+00:00","og_image":[{"width":2560,"height":1200,"url":"https:\/\/propulsionquebec.com\/wp-content\/uploads\/2021\/03\/2021-03-11-Le-RDV-En-route-arrive-a-grands-pas_EN-scaled.jpg","type":"image\/jpeg"}],"twitter_card":"summary_large_image","twitter_image":"https:\/\/propulsionquebec.com\/wp-content\/uploads\/2021\/03\/2021-03-11-Le-RDV-En-route-arrive-a-grands-pas_EN-scaled.jpg","twitter_misc":{"Est. reading time":"5 minutes"},"schema":{"@context":"https:\/\/schema.org","@graph":[{"@type":"WebPage","@id":"https:\/\/propulsionquebec.com\/en\/nos-ressources\/le-rdv-en-route-arrive-a-grands-pas\/","url":"https:\/\/propulsionquebec.com\/en\/nos-ressources\/le-rdv-en-route-arrive-a-grands-pas\/","name":"En route! the Event is almost here! | Propulsion Qu\u00e9bec","isPartOf":{"@id":"https:\/\/www.propulsionquebec.com\/en\/#website"},"primaryImageOfPage":{"@id":"https:\/\/propulsionquebec.com\/en\/nos-ressources\/le-rdv-en-route-arrive-a-grands-pas\/#primaryimage"},"image":{"@id":"https:\/\/propulsionquebec.com\/en\/nos-ressources\/le-rdv-en-route-arrive-a-grands-pas\/#primaryimage"},"thumbnailUrl":"https:\/\/propulsionquebec.com\/wp-content\/uploads\/2021\/03\/2021-03-11-Le-RDV-En-route-arrive-a-grands-pas_EN-scaled.jpg","datePublished":"2021-03-11T19:28:00+00:00","dateModified":"2023-09-29T15:58:46+00:00","description":"In January Propulsion Qu\u00e9bec, the cluster for electric and smart transportation (EST), kicked off a new initiative to promote the sector and attract new talent and skilled workers to the EST industry: En route!, the Career Hub in Electric and Smart Transportation.","breadcrumb":{"@id":"https:\/\/propulsionquebec.com\/en\/nos-ressources\/le-rdv-en-route-arrive-a-grands-pas\/#breadcrumb"},"inLanguage":"en-US","potentialAction":[{"@type":"ReadAction","target":["https:\/\/propulsionquebec.com\/en\/nos-ressources\/le-rdv-en-route-arrive-a-grands-pas\/"]}]},{"@type":"ImageObject","inLanguage":"en-US","@id":"https:\/\/propulsionquebec.com\/en\/nos-ressources\/le-rdv-en-route-arrive-a-grands-pas\/#primaryimage","url":"https:\/\/propulsionquebec.com\/wp-content\/uploads\/2021\/03\/2021-03-11-Le-RDV-En-route-arrive-a-grands-pas_EN-scaled.jpg","contentUrl":"https:\/\/propulsionquebec.com\/wp-content\/uploads\/2021\/03\/2021-03-11-Le-RDV-En-route-arrive-a-grands-pas_EN-scaled.jpg","width":2560,"height":1200},{"@type":"BreadcrumbList","@id":"https:\/\/propulsionquebec.com\/en\/nos-ressources\/le-rdv-en-route-arrive-a-grands-pas\/#breadcrumb","itemListElement":[{"@type":"ListItem","position":1,"name":"Accueil","item":"https:\/\/propulsionquebec.com\/en\/"},{"@type":"ListItem","position":2,"name":"Ressources","item":"https:\/\/propulsionquebec.com\/en\/nos-ressources\/"},{"@type":"ListItem","position":3,"name":"En route! the Event is almost here!"}]},{"@type":"WebSite","@id":"https:\/\/www.propulsionquebec.com\/en\/#website","url":"https:\/\/www.propulsionquebec.com\/en\/","name":"Propulsion Qu\u00e9bec","description":"","publisher":{"@id":"https:\/\/www.propulsionquebec.com\/en\/#organization"},"potentialAction":[{"@type":"SearchAction","target":{"@type":"EntryPoint","urlTemplate":"https:\/\/www.propulsionquebec.com\/en\/?s={search_term_string}"},"query-input":{"@type":"PropertyValueSpecification","valueRequired":true,"valueName":"search_term_string"}}],"inLanguage":"en-US"},{"@type":"Organization","@id":"https:\/\/www.propulsionquebec.com\/en\/#organization","name":"Propulsion Qu\u00e9bec","url":"https:\/\/www.propulsionquebec.com\/en\/","logo":{"@type":"ImageObject","inLanguage":"en-US","@id":"https:\/\/www.propulsionquebec.com\/en\/#\/schema\/logo\/image\/","url":"https:\/\/propulsionquebec.com\/wp-content\/uploads\/2023\/06\/propulsion-quebec-logo.png","contentUrl":"https:\/\/propulsionquebec.com\/wp-content\/uploads\/2023\/06\/propulsion-quebec-logo.png","width":467,"height":130,"caption":"Propulsion Qu\u00e9bec"},"image":{"@id":"https:\/\/www.propulsionquebec.com\/en\/#\/schema\/logo\/image\/"},"sameAs":["https:\/\/www.facebook.com\/propulsionqc"]}]}},"_links":{"self":[{"href":"https:\/\/propulsionquebec.com\/en\/wp-json\/wp\/v2\/ressource\/4273","targetHints":{"allow":["GET"]}}],"collection":[{"href":"https:\/\/propulsionquebec.com\/en\/wp-json\/wp\/v2\/ressource"}],"about":[{"href":"https:\/\/propulsionquebec.com\/en\/wp-json\/wp\/v2\/types\/ressource"}],"wp:featuredmedia":[{"embeddable":true,"href":"https:\/\/propulsionquebec.com\/en\/wp-json\/wp\/v2\/media\/4274"}],"wp:attachment":[{"href":"https:\/\/propulsionquebec.com\/en\/wp-json\/wp\/v2\/media?parent=4273"}],"wp:term":[{"taxonomy":"ressource-type","embeddable":true,"href":"https:\/\/propulsionquebec.com\/en\/wp-json\/wp\/v2\/ressource-type?post=4273"},{"taxonomy":"ressource-ambition","embeddable":true,"href":"https:\/\/propulsionquebec.com\/en\/wp-json\/wp\/v2\/ressource-ambition?post=4273"}],"curies":[{"name":"wp","href":"https:\/\/api.w.org\/{rel}","templated":true}]}}